{"id":33,"date":"2023-04-27T22:10:15","date_gmt":"2023-04-27T20:10:15","guid":{"rendered":"http:\/\/localhost:8000\/?page_id=33"},"modified":"2023-05-04T10:05:48","modified_gmt":"2023-05-04T08:05:48","slug":"alapszabaly","status":"publish","type":"page","link":"https:\/\/cms.moziszovetseg.hu\/?page_id=33","title":{"rendered":"ALAPSZAB\u00c1LY"},"content":{"rendered":"\n<h2 class=\"wp-block-heading\"><strong>m\u00f3dos\u00edt\u00e1sa<\/strong><\/h2>\n\n\n\n<p class=\"wp-block-paragraph\">A\u00a0<strong>Mozisok Orsz\u00e1gos Sz\u00f6vets\u00e9ge<\/strong>\u00a01992. j\u00fanius 2-\u00e1n alakult Budapesten, szolnoki sz\u00e9khellyel.<\/p>\n\n\n\n<p class=\"wp-block-paragraph\">A mozi\u00fczemeltet\u00e9s az \u00e1talakul\u00e1s id\u0151szak\u00e1ban m\u00e9lyponton volt. Felbomlott a mozikat \u00fczemeltet\u0151 v\u00e1llalati rendszer. T\u00f6megesen alakultak az orsz\u00e1gban a videot\u00e9k\u00e1k, vide\u00f3 kiad\u00f3k. Sz\u00e9les k\u00f6rben elterjedt a fekete vide\u00f3z\u00e1s. A vide\u00f3z\u00e1s \u00e9s a moziz\u00e1s egy szervezetbe val\u00f3 t\u00f6m\u00f6r\u00edt\u00e9se nem v\u00e1ltotta be a hozz\u00e1f\u0171z\u00f6tt rem\u00e9nyeket. Mindezek alapj\u00e1n sz\u00fcks\u00e9gess\u00e9 v\u00e1lt a szervezet \u00e1talak\u00edt\u00e1sa \u00e9s tev\u00e9kenys\u00e9gi k\u00f6r\u00e9nek sz\u0171k\u00edt\u00e9se. Az alapszab\u00e1ly tartalmi \u00e9s formai k\u00f6vetelm\u00e9nyrendszer\u00e9nek m\u00f3dos\u00edt\u00e1sa.<\/p>\n\n\n\n<p class=\"wp-block-paragraph\">A szervezet \u00e1talak\u00edt\u00e1sa 1994. okt\u00f3ber 28-\u00e1n megt\u00f6rt\u00e9nt. Az Alapszab\u00e1ly tartalmi \u00e9s formai m\u00f3dos\u00edt\u00e1sa is sz\u00fcks\u00e9gess\u00e9 v\u00e1lt, ez\u00e9rt a Mozisok Orsz\u00e1gos Sz\u00f6vets\u00e9g\u00e9nek&nbsp;<em><strong>Taggy\u0171l\u00e9se<\/strong><\/em>&nbsp;az&nbsp;<em><strong>egyes\u00fcl\u00e9si jogr\u00f3l, a k\u00f6zhaszn\u00fa jog\u00e1ll\u00e1sr\u00f3l, valamint a civil szervezetek m\u0171k\u00f6d\u00e9s\u00e9r\u0151l \u00e9s t\u00e1mogat\u00e1s\u00e1r\u00f3l sz\u00f3l\u00f3<\/strong><\/em><em><strong>&nbsp;2011. \u00e9vi CLXXV. t\u00f6rv\u00e9ny<\/strong><\/em>, illet\u0151leg a Magyar K\u00f6zt\u00e1rsas\u00e1g Polg\u00e1ri T\u00f6rv\u00e9nyk\u00f6nyv\u00e9r\u0151l sz\u00f3l\u00f3 1959. \u00e9vi IV. t\u00f6rv\u00e9ny 61. \u00e9s a k\u00f6vetkez\u0151 \u00a7-ai alapj\u00e1n, a k\u00f6zhaszn\u00fa szervezetekr\u0151l sz\u00f3l\u00f3 1997. \u00e9vi CLVI. t\u00f6rv\u00e9ny rendelkez\u00e9seire is figyelemmel a mai napon a sz\u00f6vets\u00e9g Alapszab\u00e1ly\u00e1t az al\u00e1bbi m\u00f3dos\u00edtott tartalommal fogadta el:<\/p>\n\n\n\n<h1 class=\"wp-block-heading\">I. A Sz\u00f6vets\u00e9g adatai<\/h1>\n\n\n\n<ol class=\"wp-block-list\">\n<li>neve: Mozisok Orsz\u00e1gos Sz\u00f6vets\u00e9ge, a tov\u00e1bbiakban Sz\u00f6vets\u00e9g.<\/li>\n\n\n\n<li>sz\u00e9khelye:&nbsp;<em><strong>6000 Kecskem\u00e9t, Korona utca 2.<\/strong><\/em><\/li>\n\n\n\n<li>m\u0171k\u00f6d\u00e9si ter\u00fclete: A Sz\u00f6vets\u00e9g orsz\u00e1gos egyes\u00fcletk\u00e9nt fejti ki tev\u00e9kenys\u00e9g\u00e9t.<\/li>\n\n\n\n<li>k\u00e9pviselete: A Sz\u00f6vets\u00e9get az Eln\u00f6k \u00e9s az \u00dcgyvezet\u0151 Eln\u00f6k \u00f6n\u00e1ll\u00f3an k\u00e9pviseli.<\/li>\n\n\n\n<li>jog\u00e1ll\u00e1sa: A Sz\u00f6vets\u00e9g jogi szem\u00e9ly, k\u00f6zhaszn\u00fa szervezet.<\/li>\n<\/ol>\n\n\n\n<p class=\"wp-block-paragraph\"><strong>&nbsp;II. A Sz\u00f6vets\u00e9g c\u00e9lja \u00e9s k\u00f6zhaszn\u00fa tev\u00e9kenys\u00e9ge<\/strong><\/p>\n\n\n\n<p class=\"wp-block-paragraph\">1.)&nbsp;A Sz\u00f6vets\u00e9g c\u00e9ljai:<\/p>\n\n\n\n<ol class=\"wp-block-list\">\n<li>A mozi\u00fczemeltet\u0151k k\u00e9pviselete \u00e9s v\u00e9delme.<\/li>\n\n\n\n<li>\u00c9rdekv\u00e9delmi tev\u00e9kenys\u00e9gi k\u00f6r\u00e9ben egy\u00fcttm\u0171k\u00f6dik a korm\u00e1nyzati \u00e9s \u00f6nkorm\u00e1nyzati szervekkel, a filmforgalmaz\u00f3kkal, a filmter\u00fclet m\u00e1s szakmai szervezeteivel, valamint a munk\u00e1ltat\u00f3k \u00e9s munkav\u00e1llal\u00f3k \u00e9rdekk\u00e9pviseleti szervezeteivel.<\/li>\n\n\n\n<li>K\u00f6zrem\u0171k\u00f6dik a moziba j\u00e1r\u00f3 k\u00f6z\u00f6ns\u00e9g kultur\u00e1lis ig\u00e9nyeinek megismer\u00e9s\u00e9ben \u00e9s azok kiel\u00e9g\u00edt\u00e9s\u00e9ben.<\/li>\n\n\n\n<li>T\u00e1mogatja \u00e9s \u00f6sszehangolja a filmterjeszt\u00e9ssel \u00f6sszef\u00fcgg\u0151 szakmai, oktat\u00e1si-tov\u00e1bbk\u00e9pz\u00e9si feladatokat.<\/li>\n\n\n\n<li>El\u0151seg\u00edti a szakmai inform\u00e1ci\u00f3s rendszer kialak\u00edt\u00e1s\u00e1t \u00e9s m\u0171k\u00f6dtet\u00e9s\u00e9t.<\/li>\n\n\n\n<li>T\u00e1mogatja a mozi\u00fczemeltet\u00e9s m\u0171szaki, technikai sz\u00ednvonal\u00e1nak fejleszt\u00e9s\u00e9t.<\/li>\n\n\n\n<li>Szervezi a szakmai k\u00f6z\u00e9letet, k\u00f6zrem\u0171k\u00f6dik f\u00f3rumok, konferenci\u00e1k hazai \u00e9s k\u00fclf\u00f6ldi tapasztalatcser\u00e9k lebonyol\u00edt\u00e1s\u00e1ban.<\/li>\n<\/ol>\n\n\n\n<p class=\"wp-block-paragraph\">2.) A Sz\u00f6vets\u00e9g a k\u00f6zhaszn\u00fa szervezetekr\u0151l sz\u00f3l\u00f3 1997. \u00e9vi CLVI. t\u00f6rv\u00e9ny 26. \u00a7 c.) pontj\u00e1ban megjel\u00f6lt k\u00f6zhaszn\u00fa tev\u00e9kenys\u00e9gek k\u00f6z\u00fcl az al\u00e1bbi&nbsp;k\u00f6zhaszn\u00fa tev\u00e9kenys\u00e9geket&nbsp;v\u00e9gzi:<\/p>\n\n\n\n<p class=\"wp-block-paragraph\">&#8211; k\u00e9pess\u00e9gfejleszt\u00e9s, ismeretterjeszt\u00e9s,<\/p>\n\n\n\n<p class=\"wp-block-paragraph\">&#8211; kultur\u00e1lis tev\u00e9kenys\u00e9g,<\/p>\n\n\n\n<p class=\"wp-block-paragraph\">&#8211; kultur\u00e1lis \u00f6r\u00f6ks\u00e9g meg\u00f3v\u00e1sa.<\/p>\n\n\n\n<p class=\"wp-block-paragraph\">&nbsp;<br>3.) A Sz\u00f6vets\u00e9g m\u0171k\u00f6d\u00e9s\u00e9nek, szolg\u00e1ltat\u00e1sainak \u00e9s besz\u00e1mol\u00f3inak nyilv\u00e1noss\u00e1g\u00e1t saj\u00e1t internetes honlapj\u00e1n, id\u0151szaki kiadv\u00e1nyaiban, sz\u00f3r\u00f3lapokon, szakfoly\u00f3iratokban \u00e9s egy\u00e9b sajt\u00f3term\u00e9kekben val\u00f3 k\u00f6zz\u00e9t\u00e9tel \u00fatj\u00e1n biztos\u00edtja.<\/p>\n\n\n\n<p class=\"wp-block-paragraph\">4.) A Sz\u00f6vets\u00e9g mint k\u00f6zhaszn\u00fa szervezet nem z\u00e1rja ki, hogy tagjain k\u00edv\u00fcl m\u00e1s is r\u00e9szes\u00fclhessen a k\u00f6zhaszn\u00fa szervezet szolg\u00e1ltat\u00e1saib\u00f3l.<\/p>\n\n\n\n<p class=\"wp-block-paragraph\">5.) A Sz\u00f6vets\u00e9g mint k\u00f6zhaszn\u00fa szervezet v\u00e1llalkoz\u00e1si tev\u00e9kenys\u00e9get csak k\u00f6zhaszn\u00fa c\u00e9ljainak megval\u00f3s\u00edt\u00e1sa \u00e9rdek\u00e9ben, azokat nem vesz\u00e9lyeztetve v\u00e9gez, gazd\u00e1lkod\u00e1sa sor\u00e1n el\u00e9rt eredm\u00e9ny\u00e9t nem osztja fel, azt a l\u00e9tes\u00edt\u0151 okirat\u00e1ban meghat\u00e1rozott tev\u00e9kenys\u00e9g\u00e9re ford\u00edtja.<\/p>\n\n\n\n<p class=\"wp-block-paragraph\">6.) A Sz\u00f6vets\u00e9g k\u00f6zvetlen politikai tev\u00e9kenys\u00e9get nem folytat, szervezete p\u00e1rtokt\u00f3l f\u00fcggetlen \u00e9s azoknak anyagi t\u00e1mogat\u00e1st nem ny\u00fajt. K\u00f6zvetlen politikai tev\u00e9kenys\u00e9gnek min\u0151s\u00fcl a p\u00e1rtpolitikai tev\u00e9kenys\u00e9g, tov\u00e1bb\u00e1 orsz\u00e1ggy\u0171l\u00e9si k\u00e9pvisel\u0151i, megyei, f\u0151v\u00e1rosi \u00f6nkorm\u00e1nyzati v\u00e1laszt\u00e1son jel\u00f6lt \u00e1ll\u00edt\u00e1sa.<\/p>\n\n\n\n<p class=\"wp-block-paragraph\">7.) A Sz\u00f6vets\u00e9g mint k\u00f6zhaszn\u00fa szervezet m\u0171k\u00f6d\u00e9se nyilv\u00e1nos, szolg\u00e1ltat\u00e1sait b\u00e1rki megk\u00f6t\u00e9s n\u00e9lk\u00fcl ig\u00e9nybe veheti.<\/p>\n\n\n\n<h2 class=\"wp-block-heading\">III. A Sz\u00f6vets\u00e9g tagjai<\/h2>\n\n\n\n<p class=\"wp-block-paragraph\">1.) A Sz\u00f6vets\u00e9gnek lehetnek rendes, p\u00e1rtol\u00f3 \u00e9s tiszteletbeli tagjai.<\/p>\n\n\n\n<ol class=\"wp-block-list\">\n<li>Rendes tag minden term\u00e9szetes vagy jogi szem\u00e9ly, aki hivat\u00e1sszer\u0171en foglalkozik moziz\u00e1ssal, vagy aki a Sz\u00f6vets\u00e9g c\u00e9lkit\u0171z\u00e9seit mag\u00e1\u00e9nak vallja, \u00e9s elfogadja a Sz\u00f6vets\u00e9g Alapszab\u00e1ly\u00e1t, a sz\u00f6vets\u00e9gi tagd\u00edjat befizeti. A Sz\u00f6vets\u00e9g k\u00f6zgy\u0171l\u00e9sein szavazati joggal rendelkezik.<\/li>\n\n\n\n<li>P\u00e1rtol\u00f3 tag lehet az a term\u00e9szetes vagy jogi szem\u00e9ly, aki a Sz\u00f6vets\u00e9g c\u00e9lj\u00e1t \u00e9s tev\u00e9kenys\u00e9g\u00e9t anyagilag, szakmailag, erk\u00f6lcsileg vagy m\u00e1s m\u00f3don t\u00e1mogatja. Szavazati joggal nem rendelkezik.<\/li>\n\n\n\n<li>Tiszteletbeli tagnak k\u00e9rhet fel olyan term\u00e9szetes szem\u00e9lyeket a V\u00e1lasztm\u00e1ny (egyszer\u0171 t\u00f6bbs\u00e9gi d\u00f6nt\u00e9ssel hozott hat\u00e1rozattal), akiket arra \u00e9rdemesnek tart. A tiszteletbeli tags\u00e1g annak a jel\u00f6lt \u00e1ltali \u00edr\u00e1sbeli elfogad\u00e1s\u00e1val j\u00f6n l\u00e9tre. A tiszteletbeli tags\u00e1g a Sz\u00f6vets\u00e9gben tags\u00e1gi jogokat \u00e9s k\u00f6telezetts\u00e9geket nem keletkeztet azzal a kiv\u00e9tellel, hogy a tiszteletbeli tag is jogosult a&nbsp;<em><strong>Taggy\u0171l\u00e9sen<\/strong><\/em>&nbsp;r\u00e9szt venni, felsz\u00f3lalni, v\u00e9lem\u00e9ny\u00e9t az adott k\u00e9rd\u00e9ssel \u00f6sszef\u00fcgg\u00e9sben kinyilv\u00e1n\u00edtani, \u00e9s javaslatot tenni, valamint egyben k\u00f6teles az Alapszab\u00e1ly rendelkez\u00e9seit betartani \u00e9s a Sz\u00f6vets\u00e9g \u00e9rdekeivel \u00f6sszhangban, tev\u00e9kenykedni. Szavazati joggal nem rendelkezik.<\/li>\n\n\n\n<li>\u00daj tag felv\u00e9tel\u00e9hez term\u00e9szetes \u00e9s jogi szem\u00e9ly eset\u00e9n az \u00dcgyvezet\u0151 Eln\u00f6ks\u00e9g j\u00f3v\u00e1hagy\u00e1sa sz\u00fcks\u00e9ges.<\/li>\n<\/ol>\n\n\n\n<p class=\"wp-block-paragraph\">2.) A jelen Alapszab\u00e1lyban a tov\u00e1bbiakban mindazon rendelkez\u00e9sekn\u00e9l, ahol a &#8222;tag&#8221; kifejez\u00e9s szerepel, csup\u00e1n a Sz\u00f6vets\u00e9g rendes tagjait kell \u00e9rteni, a tiszteletbeli \u00e9s a p\u00e1rtol\u00f3 tagokra vonatkoz\u00f3 elt\u00e9r\u0151 rendelkez\u00e9sek mindig pontosan tartalmazz\u00e1k a &#8222;tiszteletbeli tag&#8221; \u00e9s a \u201ep\u00e1rtol\u00f3 tag\u201d kifejez\u00e9seket.<\/p>\n\n\n\n<p class=\"wp-block-paragraph\">A tagok (rendes, tiszteletbeli \u00e9s p\u00e1rtol\u00f3) jogai:<\/p>\n\n\n\n<ol class=\"wp-block-list\">\n<li>r\u00e9szt vehet a Sz\u00f6vets\u00e9g tev\u00e9kenys\u00e9g\u00e9ben, \u00f6sszej\u00f6vetelein, rendezv\u00e9nyein,<\/li>\n\n\n\n<li>r\u00e9szt vehet a Sz\u00f6vets\u00e9g&nbsp;<em><strong>taggy\u0171l\u00e9sein<\/strong><\/em>.<\/li>\n<\/ol>\n\n\n\n<p class=\"wp-block-paragraph\">A rendes tagok jogai a fentieken t\u00falmen\u0151en:<\/p>\n\n\n\n<ol class=\"wp-block-list\">\n<li>a term\u00e9szetes szem\u00e9ly tag v\u00e1laszthat \u00e9s v\u00e1laszthat\u00f3, a nem term\u00e9szetes szem\u00e9ly tag pedig t\u00f6rv\u00e9nyes k\u00e9pvisel\u0151je \u00fatj\u00e1n v\u00e1laszthatja meg a Sz\u00f6vets\u00e9g vezet\u0151 tiszts\u00e9gvisel\u0151it,<\/li>\n\n\n\n<li>a term\u00e9szetes szem\u00e9ly tag szem\u00e9lyesen, a nem term\u00e9szetes szem\u00e9ly tag t\u00f6rv\u00e9nyes k\u00e9pvisel\u0151je \u00fatj\u00e1n jogosult a&nbsp;<em><strong>Taggy\u0171l\u00e9sen<\/strong><\/em>&nbsp;a t\u00f6bbi taggal egyenl\u0151 szavazati joggal r\u00e9szt venni, felsz\u00f3lalni, v\u00e9lem\u00e9ny\u00e9t kifejteni, hat\u00e1rozati javaslatot tenni \u00e9s szavazni; t\u00f6bb mozival rendelkez\u0151 rendes tagnak mozink\u00e9nt egy szavazata van.<\/li>\n\n\n\n<li>kezdem\u00e9nyezheti a rendk\u00edv\u00fcli k\u00f6zgy\u0171l\u00e9s \u00f6sszeh\u00edv\u00e1s\u00e1t az Alapszab\u00e1ly IV. 3.) a) pontja alapj\u00e1n.<\/li>\n<\/ol>\n\n\n\n<p class=\"wp-block-paragraph\">3.) A tagok k\u00f6teless\u00e9gei:<\/p>\n\n\n\n<ol class=\"wp-block-list\">\n<li>k\u00f6teles betartani a Sz\u00f6vets\u00e9g Alapszab\u00e1ly\u00e1t, bels\u0151 szab\u00e1lyzatait \u00e9s a bels\u0151 szervei \u00e1ltal hozott hat\u00e1rozatokat,<\/li>\n\n\n\n<li>k\u00f6teles az \u00e9ves tagd\u00edjat hat\u00e1rid\u0151ben befizetni,<\/li>\n\n\n\n<li>k\u00f6teles a Sz\u00f6vets\u00e9g c\u00e9lj\u00e1t \u00e9s szellemis\u00e9g\u00e9t, \u00e9rt\u00e9krendj\u00e9t tiszteletben tartani,<\/li>\n\n\n\n<li>k\u00f6teles a Sz\u00f6vets\u00e9g&nbsp;<em><strong>Taggy\u0171l\u00e9s\u00e9nek<\/strong><\/em>&nbsp;a tagokra n\u00e9zve k\u00f6telez\u0151 hat\u00e1rozatai szerint elj\u00e1rni.<\/li>\n<\/ol>\n\n\n\n<p class=\"wp-block-paragraph\">4.) A term\u00e9szetes szem\u00e9ly tag jogait csak szem\u00e9lyesen gyakorolhatja, meghatalmazotti k\u00e9pviseletnek nincs helye. A nem term\u00e9szetes szem\u00e9ly tag t\u00f6rv\u00e9nyes k\u00e9pvisel\u0151je \u00fatj\u00e1n gyakorolhatja jogait \u00e9s teljes\u00edtheti k\u00f6telezetts\u00e9geit.<\/p>\n\n\n\n<p class=\"wp-block-paragraph\">Amennyiben a jelen Alapszab\u00e1ly elt\u00e9r\u0151en nem rendelkezik, a Sz\u00f6vets\u00e9g valamennyi tagja egyenl\u0151 jogokkal \u00e9s k\u00f6telezetts\u00e9gekkel rendelkezik.<\/p>\n\n\n\n<p class=\"wp-block-paragraph\">5.) A tags\u00e1gi viszony megsz\u0171nik:<\/p>\n\n\n\n<ol class=\"wp-block-list\">\n<li>a tag kil\u00e9p\u00e9s\u00e9vel,<\/li>\n\n\n\n<li>a tag kiz\u00e1r\u00e1s\u00e1val,<\/li>\n\n\n\n<li>a tag hal\u00e1l\u00e1val, jogi szem\u00e9ly eset\u00e9n annak jogi szem\u00e9ly n\u00e9lk\u00fcli megsz\u0171n\u00e9s\u00e9vel,<\/li>\n\n\n\n<li>ha a Sz\u00f6vets\u00e9g megsz\u0171nik.<\/li>\n<\/ol>\n\n\n\n<p class=\"wp-block-paragraph\">A kil\u00e9p\u00e9si sz\u00e1nd\u00e9kot \u00edr\u00e1sban kell bejelenteni. A kil\u00e9p\u00e9s a V\u00e1lasztm\u00e1ny r\u00e9sz\u00e9re t\u00f6rt\u00e9nt bejelent\u00e9ssel egyez\u0151 id\u0151pontban hat\u00e1lyos.<\/p>\n\n\n\n<p class=\"wp-block-paragraph\">A V\u00e1lasztm\u00e1ny a jelenl\u00e9v\u0151, szavazati joggal rendelkez\u0151 tagok egyszer\u0171 szavazatt\u00f6bbs\u00e9g\u00e9vel kiz\u00e1rhatja a Sz\u00f6vets\u00e9gb\u0151l azt a rendes tagot, aki valamely, a sz\u00f6vets\u00e9gi tags\u00e1gb\u00f3l ered\u0151 k\u00f6telezetts\u00e9g\u00e9t ism\u00e9telten vagy s\u00falyosan megszegi; \u00edgy k\u00fcl\u00f6n\u00f6sen, ha a h\u00e1rom h\u00f3napn\u00e1l r\u00e9gebben lej\u00e1rt esed\u00e9kess\u00e9g\u0171 tagd\u00edjat \u00edr\u00e1sbeli felsz\u00f3l\u00edt\u00e1sra sem fizette be, illet\u0151leg ha a Sz\u00f6vets\u00e9g c\u00e9lj\u00e1val, szellemis\u00e9g\u00e9vel vagy az Alapszab\u00e1llyal \u00f6ssze nem egyeztethet\u0151 magatart\u00e1st tan\u00fas\u00edt.<\/p>\n\n\n\n<p class=\"wp-block-paragraph\">A p\u00e1rtol\u00f3 \u00e9s a tiszteletbeli tagi c\u00edmet a V\u00e1lasztm\u00e1ny a jelenl\u00e9v\u0151, szavazati joggal rendelkez\u0151 tagok egyszer\u0171 szavazatt\u00f6bbs\u00e9g\u00e9vel jogosult megvonni abban az esetben, ha a tiszteletbeli tag a Sz\u00f6vets\u00e9g c\u00e9lj\u00e1val, szellemis\u00e9g\u00e9vel, \u00e9rt\u00e9krendj\u00e9vel vagy az Alapszab\u00e1llyal \u00f6ssze nem egyeztethet\u0151 magatart\u00e1st tan\u00fas\u00edt.&nbsp;<\/p>\n\n\n\n<p class=\"wp-block-paragraph\">A fenti elj\u00e1r\u00e1sokban csak azt k\u00f6vet\u0151en hozhat\u00f3 meg a kiz\u00e1r\u00e1sr\u00f3l, illetve a tiszteletbeli tagi c\u00edm megvon\u00e1s\u00e1r\u00f3l sz\u00f3l\u00f3 hat\u00e1rozat, hogy a hat\u00e1rozattal \u00e9rintett szem\u00e9lyt meghallgatt\u00e1k, r\u00e9sz\u00e9re lehet\u0151s\u00e9get biztos\u00edtottak v\u00e9dekez\u00e9s\u00e9nek el\u0151terjeszt\u00e9s\u00e9re \u00e9s az enyh\u00edt\u0151 vagy ment\u0151 k\u00f6r\u00fclm\u00e9nyek ismertet\u00e9s\u00e9re.<\/p>\n\n\n\n<p class=\"wp-block-paragraph\"><strong>IV. A Sz\u00f6vets\u00e9g szervezete<\/strong><\/p>\n\n\n\n<p class=\"wp-block-paragraph\">1.) A Sz\u00f6vets\u00e9g szervei, \u00f6sszef\u00e9rhetetlens\u00e9gi szab\u00e1lyok<\/p>\n\n\n\n<p class=\"wp-block-paragraph\"><br>a) A Sz\u00f6vets\u00e9g legf\u0151bb szerve a&nbsp;<em><strong>Taggy\u0171l\u00e9s<\/strong><\/em>, amely a tagok \u00f6sszess\u00e9ge. A Sz\u00f6vets\u00e9g \u00fcgyint\u00e9z\u0151 \u00e9s k\u00e9pviseleti teend\u0151it, ill. a napi \u00fcgyviteli feladatokat a Sz\u00f6vets\u00e9g \u00fcgyint\u00e9z\u0151 k\u00e9pvisel\u0151 szerve, az \u00dcgyvezet\u0151 Eln\u00f6ks\u00e9g ir\u00e1ny\u00edtja \u00e9s l\u00e1tja el. A Sz\u00f6vets\u00e9g vezet\u0151 tiszts\u00e9gvisel\u0151i: az Eln\u00f6k, az \u00dcgyvezet\u0151 Eln\u00f6k \u00e9s az \u00fcgyvezet\u0151 eln\u00f6ks\u00e9gi tagok, valamint a Fel\u00fcgyel\u0151 Bizotts\u00e1g eln\u00f6ke \u00e9s tagjai.<\/p>\n\n\n\n<p class=\"wp-block-paragraph\">b) A Sz\u00f6vets\u00e9g \u00fcgyint\u00e9z\u0151 szerv\u00e9nek tagja, ill. az Sz\u00f6vets\u00e9g k\u00e9pvisel\u0151je olyan magyar \u00e1llampolg\u00e1r, Magyarorsz\u00e1gon letelepedett, ill. magyarorsz\u00e1gi tart\u00f3zkod\u00e1si enged\u00e9llyel rendelkez\u0151 nem magyar \u00e1llampolg\u00e1r lehet, aki nem \u00e1ll a k\u00f6z\u00fcgyek gyakorl\u00e1s\u00e1t\u00f3l val\u00f3 eltilt\u00e1s hat\u00e1lya alatt.<\/p>\n\n\n\n<p class=\"wp-block-paragraph\">c) A Sz\u00f6vets\u00e9g vezet\u0151 szerv\u00e9nek hat\u00e1rozathozatal\u00e1ban nem vehet r\u00e9szt az a szem\u00e9ly, aki, vagy akinek k\u00f6zeli hozz\u00e1tartoz\u00f3ja, \u00e9lett\u00e1rsa (a tov\u00e1bbiakban egy\u00fctt: hozz\u00e1tartoz\u00f3) a hat\u00e1rozat alapj\u00e1n k\u00f6telezetts\u00e9g vagy felel\u0151ss\u00e9g al\u00f3l mentes\u00fcl, vagy b\u00e1rmilyen m\u00e1s el\u0151nyben r\u00e9szes\u00fcl, ill. a megk\u00f6tend\u0151 jog\u00fcgyletben egy\u00e9bk\u00e9nt \u00e9rdekelt. Nem min\u0151s\u00fcl el\u0151nynek a Sz\u00f6vets\u00e9g c\u00e9l szerinti juttat\u00e1sai keret\u00e9ben a b\u00e1rki \u00e1ltal megk\u00f6t\u00e9s n\u00e9lk\u00fcl ig\u00e9nybe vehet\u0151 nem p\u00e9nzbeli szolg\u00e1ltat\u00e1s, ill. a Sz\u00f6vets\u00e9g \u00e1ltal tagj\u00e1nak, a tags\u00e1gi jogviszony alapj\u00e1n ny\u00fajtott, l\u00e9tes\u00edt\u0151 okiratnak megfelel\u0151 c\u00e9l szerinti juttat\u00e1s.<\/p>\n\n\n\n<p class=\"wp-block-paragraph\">d) A k\u00f6zhaszn\u00fa szervezet megsz\u0171nt\u00e9t k\u00f6vet\u0151 k\u00e9t \u00e9vig nem lehet m\u00e1s k\u00f6zhaszn\u00fa szervezet vezet\u0151 tiszts\u00e9gvisel\u0151je az a szem\u00e9ly, aki olyan k\u00f6zhaszn\u00fa szervezetn\u00e9l t\u00f6lt\u00f6tt be \u2013 annak megsz\u0171nt\u00e9t megel\u0151z\u0151 k\u00e9t \u00e9vben legal\u00e1bb egy \u00e9vig \u2013 vezet\u0151 tiszts\u00e9get, amely az ad\u00f3z\u00e1s rendj\u00e9r\u0151l sz\u00f3l\u00f3 t\u00f6rv\u00e9ny szerinti k\u00f6ztartoz\u00e1s\u00e1t nem egyenl\u00edtette ki.<br>e) A vezet\u0151 tiszts\u00e9gvisel\u0151, ill. az ennek jel\u00f6lt szem\u00e9ly k\u00f6teles a Sz\u00f6vets\u00e9get el\u0151zetesen t\u00e1j\u00e9koztatni arr\u00f3l, hogy ilyen tiszts\u00e9get egyidej\u0171leg m\u00e1s k\u00f6zhaszn\u00fa szervezetn\u00e9l is bet\u00f6lt.<\/p>\n\n\n\n<p class=\"wp-block-paragraph\">2.) A Sz\u00f6vets\u00e9g fel\u00e9p\u00edt\u00e9se:<\/p>\n\n\n\n<ol class=\"wp-block-list\">\n<li><em><strong>Taggy\u0171l\u00e9s<\/strong><\/em>, amely a tagok \u00f6sszess\u00e9g\u00e9b\u0151l \u00e1ll.<\/li>\n\n\n\n<li>Eln\u00f6k: a&nbsp;<em><strong>Taggy\u0171l\u00e9s<\/strong><\/em>&nbsp;\u00e1ltal megv\u00e1lasztott sz\u00f6vets\u00e9gi vezet\u0151 tiszts\u00e9gvisel\u0151, aki egyben a V\u00e1lasztm\u00e1ny eln\u00f6ke is.<\/li>\n\n\n\n<li>V\u00e1lasztm\u00e1ny: (17 f\u0151), amely a&nbsp;<em><strong>Taggy\u0171l\u00e9s<\/strong><\/em>&nbsp;\u00e1ltal megv\u00e1lasztott tagokb\u00f3l \u00e9s az Eln\u00f6kb\u0151l \u00e1ll.<\/li>\n\n\n\n<li>\u00dcgyvezet\u0151 Eln\u00f6ks\u00e9g: (7 f\u0151), amelynek tagjai a&nbsp;<em><strong>Taggy\u0171l\u00e9s<\/strong><\/em>&nbsp;\u00e1ltal megv\u00e1lasztott Eln\u00f6k \u00e9s a V\u00e1lasztm\u00e1ny \u00e1ltal megv\u00e1lasztott \u00dcgyvezet\u0151 Eln\u00f6k, Titk\u00e1r + 4 Aleln\u00f6k.<\/li>\n\n\n\n<li>Fel\u00fcgyel\u0151 Bizotts\u00e1g: (3 f\u0151), amely a&nbsp;<em><strong>Taggy\u0171l\u00e9s<\/strong><\/em>&nbsp;\u00e1ltal megv\u00e1lasztott Eln\u00f6kb\u0151l \u00e9s 2 tagb\u00f3l \u00e1ll.<\/li>\n\n\n\n<li>A Sz\u00f6vets\u00e9g tagozati rendszerben m\u0171k\u00f6dik.&nbsp;<\/li>\n<\/ol>\n\n\n\n<p class=\"wp-block-paragraph\">3.) A Sz\u00f6vets\u00e9g szervei:<\/p>\n\n\n\n<p class=\"wp-block-paragraph\">a)&nbsp;<em><strong>Taggy\u0171l\u00e9s<\/strong><\/em><\/p>\n\n\n\n<p class=\"wp-block-paragraph\">&nbsp;A Sz\u00f6vets\u00e9g&nbsp;<em><strong>Taggy\u0171l\u00e9se<\/strong><\/em>&nbsp;a tagok \u00f6sszess\u00e9g\u00e9b\u0151l \u00e1ll, ez a Sz\u00f6vets\u00e9g legf\u0151bb szerve, amely a Sz\u00f6vets\u00e9get \u00e9rint\u0151 valamennyi k\u00e9rd\u00e9sben d\u00f6nthet.<\/p>\n\n\n\n<p class=\"wp-block-paragraph\">A&nbsp;<em><strong>Taggy\u0171l\u00e9st<\/strong><\/em>&nbsp;sz\u00fcks\u00e9g szerint, de legal\u00e1bb \u00e9vente egyszer kell \u00f6sszeh\u00edvni.<\/p>\n\n\n\n<p class=\"wp-block-paragraph\">Illet\u00e9kess\u00e9gi k\u00f6re:<\/p>\n\n\n\n<ul class=\"wp-block-list\">\n<li>Az Alapszab\u00e1ly elfogad\u00e1sa, m\u00f3dos\u00edt\u00e1sa.<\/li>\n\n\n\n<li>A Sz\u00f6vets\u00e9g Eln\u00f6k\u00e9nek megv\u00e1laszt\u00e1sa \u00e9s visszah\u00edv\u00e1sa.<\/li>\n\n\n\n<li>A Sz\u00f6vets\u00e9g Fel\u00fcgyel\u0151 Bizotts\u00e1g\u00e1nak megv\u00e1laszt\u00e1sa \u00e9s visszah\u00edv\u00e1sa.<\/li>\n\n\n\n<li>A Sz\u00f6vets\u00e9g V\u00e1lasztm\u00e1ny\u00e1nak megv\u00e1laszt\u00e1sa \u00e9s visszah\u00edv\u00e1sa.<\/li>\n\n\n\n<li>A Sz\u00f6vets\u00e9g vezet\u0151s\u00e9g\u00e9nek \u00e9s Fel\u00fcgyel\u0151 Bizotts\u00e1g\u00e1nak besz\u00e1moltat\u00e1sa.<\/li>\n\n\n\n<li>A Sz\u00f6vets\u00e9g tev\u00e9kenys\u00e9g\u00e9nek a f\u0151 ir\u00e1nyainak, programj\u00e1nak kialak\u00edt\u00e1sa.<\/li>\n\n\n\n<li>A Sz\u00f6vets\u00e9g \u00e1tszervez\u00e9s\u00e9r\u0151l, feloszlat\u00e1s\u00e1r\u00f3l, m\u00e1s egyes\u00fclettel val\u00f3 egyes\u00fcl\u00e9s\u00e9r\u0151l val\u00f3 d\u00f6nt\u00e9s meghozatala.<\/li>\n\n\n\n<li>Az Eln\u00f6k \u00e9ves besz\u00e1mol\u00f3j\u00e1nak \u00e9s a k\u00f6zhaszn\u00fas\u00e1gi jelent\u00e9snek az elfogad\u00e1sa.<\/li>\n<\/ul>\n\n\n\n<p class=\"wp-block-paragraph\">A&nbsp;<em><strong>Taggy\u0171l\u00e9st<\/strong><\/em>&nbsp;az Eln\u00f6k h\u00edvja \u00f6ssze valamennyi regisztr\u00e1lt tag el\u0151zetes \u00edr\u00e1sbeli \u00e9rtes\u00edt\u00e9s\u00e9vel. A megh\u00edv\u00f3t a tagoknak a tervezett id\u0151pontot megel\u0151z\u0151en legal\u00e1bb 15 napt\u00e1ri nappal meg kell k\u00fcldeni, a napirendi pontok, valamint a hat\u00e1rozatk\u00e9ptelens\u00e9g eset\u00e9n megtartand\u00f3 esetleges megism\u00e9telt k\u00f6zgy\u0171l\u00e9s hely\u00e9nek \u00e9s d\u00e1tum\u00e1nak pontos megjel\u00f6l\u00e9s\u00e9vel, ill. annak k\u00f6zl\u00e9s\u00e9vel, hogy a megism\u00e9telt k\u00f6zgy\u0171l\u00e9s a megjelentek sz\u00e1m\u00e1t\u00f3l f\u00fcggetlen\u00fcl hat\u00e1rozatk\u00e9pes lesz. A&nbsp;<em><strong>Taggy\u0171l\u00e9s<\/strong><\/em>&nbsp;nyilv\u00e1nos.<\/p>\n\n\n\n<p class=\"wp-block-paragraph\">Amennyiben a megism\u00e9telt&nbsp;<em><strong>taggy\u0171l\u00e9s<\/strong><\/em>&nbsp;\u00f6sszeh\u00edv\u00e1s\u00e1ra az eredeti napirendi k\u00e9rd\u00e9sekben az eredeti napon \u00e9s helysz\u00ednen ker\u00fcl sor, az eredeti megh\u00edv\u00f3ban a tagot figyelmeztetni kell arra, hogy a megism\u00e9telt k\u00f6zgy\u0171l\u00e9s a megjelentek sz\u00e1m\u00e1ra tekintet n\u00e9lk\u00fcl hat\u00e1rozatk\u00e9pes.<\/p>\n\n\n\n<p class=\"wp-block-paragraph\">Amennyiben a megism\u00e9telt&nbsp;<em><strong>taggy\u0171l\u00e9st<\/strong><\/em>&nbsp;nem az eredeti&nbsp;<em><strong>taggy\u0171l\u00e9s<\/strong><\/em>&nbsp;napj\u00e1ra h\u00edvj\u00e1k \u00f6ssze, a tagokat err\u0151l k\u00fcl\u00f6n \u00edr\u00e1sbeli megh\u00edv\u00f3ban kell \u00e9rtes\u00edteni, melynek tartalmaznia kell a megism\u00e9telt k\u00f6zgy\u0171l\u00e9s t\u00e9ny\u00e9t, hely\u00e9t, idej\u00e9t, \u00e9s az arra t\u00f6rt\u00e9n\u0151 figyelmeztet\u00e9st, hogy a megism\u00e9telt k\u00f6zgy\u0171l\u00e9s az eredeti napirendi pontok tekintet\u00e9ben a megjelentek sz\u00e1m\u00e1t\u00f3l f\u00fcggetlen\u00fcl hat\u00e1rozatk\u00e9pes.<\/p>\n\n\n\n<p class=\"wp-block-paragraph\">Rendk\u00edv\u00fcli&nbsp;<em><strong>taggy\u0171l\u00e9st<\/strong><\/em>&nbsp;k\u00f6teles az \u00dcgyvezet\u0151 Eln\u00f6ks\u00e9g \u00f6sszeh\u00edvni, amennyiben a rendes tagok legal\u00e1bb egyharmada \u00edr\u00e1sban az ok \u00e9s c\u00e9l megjel\u00f6l\u00e9s\u00e9vel azt k\u00e9ri.<\/p>\n\n\n\n<p class=\"wp-block-paragraph\">A&nbsp;<em><strong>Taggy\u0171l\u00e9s<\/strong><\/em>&nbsp;akkor hat\u00e1rozatk\u00e9pes, ha a szavaz\u00e1sra jogosult tagok t\u00f6bb mint fele jelen van. A hat\u00e1rozatk\u00e9ptelens\u00e9g miatt megism\u00e9telt&nbsp;<em><strong>taggy\u0171l\u00e9s<\/strong><\/em>&nbsp;az eredeti megh\u00edv\u00f3ban r\u00f6gz\u00edtett napirendi pontok tekintet\u00e9ben a jelenl\u00e9v\u0151k sz\u00e1m\u00e1t\u00f3l f\u00fcggetlen\u00fcl hat\u00e1rozatk\u00e9pes abban az esetben, ha a t\u00e1volmarad\u00e1s jogk\u00f6vetkezm\u00e9nyeire a tagok figyelm\u00e9t a megh\u00edv\u00f3ban kifejezetten felh\u00edvt\u00e1k.<\/p>\n\n\n\n<p class=\"wp-block-paragraph\">A&nbsp;<em><strong>Taggy\u0171l\u00e9s<\/strong><\/em>&nbsp;hat\u00e1rozatait \u00e1ltal\u00e1ban ny\u00edlt szavaz\u00e1ssal, a jelenl\u00e9v\u0151k \u00e9s szavazati joggal rendelkez\u0151k t\u00f6bbs\u00e9gi szavazat\u00e1val (egyszer\u0171 t\u00f6bbs\u00e9g) hozza. Ett\u0151l elt\u00e9r\u0151en a jelenl\u00e9v\u0151k \u00e9s szavazati joggal rendelkez\u0151k k\u00e9tharmad\u00e1nak szavazata (min\u0151s\u00edtett t\u00f6bbs\u00e9g) sz\u00fcks\u00e9ges:<\/p>\n\n\n\n<ul class=\"wp-block-list\">\n<li>az Alapszab\u00e1ly m\u00f3dos\u00edt\u00e1s\u00e1hoz,<\/li>\n\n\n\n<li>a Sz\u00f6vets\u00e9g feloszlat\u00e1s\u00e1hoz,<\/li>\n\n\n\n<li>a Sz\u00f6vets\u00e9g m\u00e1s szervezethez tagk\u00e9nt t\u00f6rt\u00e9n\u0151 csatlakoz\u00e1s\u00e1hoz.<\/li>\n<\/ul>\n\n\n\n<p class=\"wp-block-paragraph\">&nbsp;A&nbsp;<em><strong>Taggy\u0171l\u00e9s<\/strong><\/em>&nbsp;titkos szavaz\u00e1ssal hat\u00e1rozhat:<\/p>\n\n\n\n<ul class=\"wp-block-list\">\n<li>egyes k\u00e9rd\u00e9sekben akkor, ha a tags\u00e1g az adott k\u00e9rd\u00e9sben egyszer\u0171 t\u00f6bbs\u00e9ggel titkos szavaz\u00e1st tart sz\u00fcks\u00e9gesnek.<\/li>\n<\/ul>\n\n\n\n<p class=\"wp-block-paragraph\">A&nbsp;<em><strong>Taggy\u0171l\u00e9s<\/strong><\/em>&nbsp;az \u00e9ves besz\u00e1mol\u00f3r\u00f3l \u00e9s a k\u00f6zhaszn\u00fas\u00e1gi jelent\u00e9s elfogad\u00e1s\u00e1r\u00f3l sz\u00f3l\u00f3 hat\u00e1rozat\u00e1t az \u00e1ltal\u00e1nos szab\u00e1lyok szerint, azaz a jelenl\u00e9v\u0151, szavazati joggal rendelkez\u0151 tagok egyszer\u0171 sz\u00f3t\u00f6bbs\u00e9g\u00e9vel hozza.<\/p>\n\n\n\n<p class=\"wp-block-paragraph\">A levezet\u0151 eln\u00f6k szem\u00e9ly\u00e9nek megv\u00e1laszt\u00e1s\u00e1r\u00f3l a&nbsp;<em><strong>Taggy\u0171l\u00e9s<\/strong><\/em>&nbsp;az \u00fcl\u00e9s megkezd\u00e9sekor a jelenl\u00e9v\u0151, szavazati joggal rendelkez\u0151 tagok egyszer\u0171 sz\u00f3t\u00f6bbs\u00e9g\u00e9vel hat\u00e1roz.<\/p>\n\n\n\n<p class=\"wp-block-paragraph\"><br>A&nbsp;<em><strong>taggy\u0171l\u00e9si<\/strong><\/em>&nbsp;hat\u00e1rozatot az \u00e9rintettekkel igazolhat\u00f3 m\u00f3don (lev\u00e9lben) k\u00f6z\u00f6lni kell. A Titk\u00e1r k\u00f6teles a&nbsp;<em><strong>Taggy\u0171l\u00e9s<\/strong><\/em>&nbsp;\u00e1ltal meghozott hat\u00e1rozatokat a Hat\u00e1rozatok K\u00f6nyv\u00e9be behelyezni. A Hat\u00e1rozatok K\u00f6nyve oly m\u00f3don tartalmazza a hat\u00e1rozatokat, hogy abb\u00f3l a&nbsp;<em><strong>Taggy\u0171l\u00e9s<\/strong><\/em>&nbsp;d\u00f6nt\u00e9s\u00e9nek tartalma, id\u0151pontja \u00e9s hat\u00e1lya, illetve a d\u00f6nt\u00e9st t\u00e1mogat\u00f3k \u00e9s ellenz\u0151k sz\u00e1mar\u00e1nya (ha lehets\u00e9ges szem\u00e9lye) meg\u00e1llap\u00edthat\u00f3.<\/p>\n\n\n\n<p class=\"wp-block-paragraph\">b) V\u00e1lasztm\u00e1ny:<\/p>\n\n\n\n<p class=\"wp-block-paragraph\">A 17 f\u0151s V\u00e1lasztm\u00e1nyt a&nbsp;<em><strong>Taggy\u0171l\u00e9s<\/strong><\/em>&nbsp;3 \u00e9v id\u0151tartamra v\u00e1lasztja. A V\u00e1lasztm\u00e1ny k\u00e9t&nbsp;<em><strong>taggy\u0171l\u00e9s<\/strong><\/em>&nbsp;k\u00f6z\u00f6tt a Sz\u00f6vets\u00e9g legf\u0151bb szerve.<\/p>\n\n\n\n<p class=\"wp-block-paragraph\">A V\u00e1lasztm\u00e1ny \u00e9vente legal\u00e1bb k\u00e9tszer \u00fcl\u00e9sezik. A V\u00e1lasztm\u00e1ny \u00f6sszeh\u00edv\u00e1s\u00e1ra a&nbsp;<em><strong>Taggy\u0171l\u00e9s<\/strong><\/em>&nbsp;\u00f6sszeh\u00edv\u00e1s\u00e1ra vonatkoz\u00f3 szab\u00e1lyok ir\u00e1nyad\u00f3k. A V\u00e1lasztm\u00e1ny \u00fcl\u00e9sei nyilv\u00e1nosak.<\/p>\n\n\n\n<p class=\"wp-block-paragraph\">A V\u00e1lasztm\u00e1ny akkor hat\u00e1rozatk\u00e9pes, ha a tagok t\u00f6bb mint fele jelen van. Hat\u00e1rozatait ny\u00edlt szavaz\u00e1ssal, egyszer\u0171 sz\u00f3t\u00f6bbs\u00e9ggel hozza.<\/p>\n\n\n\n<p class=\"wp-block-paragraph\">Feladata:<\/p>\n\n\n\n<ul class=\"wp-block-list\">\n<li>A Sz\u00f6vets\u00e9g szervezeti m\u0171k\u00f6d\u00e9s\u00e9nek elfogad\u00e1sa.<\/li>\n\n\n\n<li>Az \u00e9ves munkaterv, k\u00f6lts\u00e9gvet\u00e9s, besz\u00e1mol\u00f3 megvitat\u00e1sa, elfogad\u00e1sa.<\/li>\n\n\n\n<li>Az \u00dcgyvezet\u0151 Eln\u00f6k, a Titk\u00e1r \u00e9s az Aleln\u00f6k\u00f6k megv\u00e1laszt\u00e1sa.<\/li>\n\n\n\n<li>Az \u00e9ves tagd\u00edj m\u00e9rt\u00e9k\u00e9nek \u00e9s befizet\u00e9si m\u00f3dj\u00e1nak meg\u00e1llap\u00edt\u00e1sa.<\/li>\n\n\n\n<li>A mozisokat \u00e9rint\u0151 k\u00e9rd\u00e9sek napirendre t\u0171z\u00e9se, ir\u00e1nyelvek, \u00e1ll\u00e1sfoglal\u00e1sok, aj\u00e1nl\u00e1sok<\/li>\n<\/ul>\n\n\n\n<p class=\"wp-block-paragraph\">megvitat\u00e1sa, k\u00f6zread\u00e1sa.<\/p>\n\n\n\n<ul class=\"wp-block-list\">\n<li>A Sz\u00f6vets\u00e9g m\u00e1s t\u00e1rsadalmi szervekbe val\u00f3 bel\u00e9p\u00e9s\u00e9nek j\u00f3v\u00e1hagy\u00e1sa.<\/li>\n\n\n\n<li>Az \u00dcgyvezet\u0151 Eln\u00f6ks\u00e9g munk\u00e1j\u00e1nak meghat\u00e1roz\u00e1sa, a tiszts\u00e9gvisel\u0151k besz\u00e1moltat\u00e1sa.<\/li>\n\n\n\n<li>\u00daj tagok felv\u00e9tele, tagok kiz\u00e1r\u00e1sa, a tiszteletbeli tagi c\u00edm megvon\u00e1sa.<\/li>\n<\/ul>\n\n\n\n<p class=\"wp-block-paragraph\">A V\u00e1lasztm\u00e1ny legal\u00e1bb 10 rendes tag \u00edr\u00e1sos javaslata alapj\u00e1n tagozatot (tagozatokat) hozhat l\u00e9tre.<\/p>\n\n\n\n<p class=\"wp-block-paragraph\">c) \u00dcgyvezet\u0151 Eln\u00f6ks\u00e9g:<\/p>\n\n\n\n<p class=\"wp-block-paragraph\">Az Egyes\u00fclet vezet\u0151 szerve a 7 tag\u00fa \u00dcgyvezet\u0151 Eln\u00f6ks\u00e9g, amelynek tagjait a&nbsp;<em><strong>Taggy\u0171l\u00e9s<\/strong><\/em>&nbsp;\u00e9s\/vagy a V\u00e1lasztm\u00e1ny egyszer\u0171 sz\u00f3t\u00f6bbs\u00e9ggel, 3 \u00e9v id\u0151tartamra v\u00e1lasztja. Az \u00dcgyvezet\u0151 Eln\u00f6ks\u00e9g tagjai: a K\u00f6zgy\u0171l\u00e9s \u00e1ltal megv\u00e1lasztott Eln\u00f6k, a V\u00e1lasztm\u00e1ny \u00e1ltal megv\u00e1lasztott \u00dcgyvezet\u0151 Eln\u00f6k \u00e9s Titk\u00e1r + 4 Aleln\u00f6k.<\/p>\n\n\n\n<p class=\"wp-block-paragraph\">Az \u00dcgyvezet\u0151 Eln\u00f6ks\u00e9g sz\u00fcks\u00e9g szerint, de legal\u00e1bb k\u00e9thavonta tart \u00fcl\u00e9st. Az \u00dcgyvezet\u0151 Eln\u00f6ks\u00e9g \u00fcl\u00e9se hat\u00e1rozatk\u00e9pes, ha azon az eln\u00f6ks\u00e9gi tagok t\u00f6bb mint fele jelen van. Az \u00fcl\u00e9sek nyilv\u00e1nosak.<br><br>Az \u00dcgyvezet\u0151 Eln\u00f6ks\u00e9g hat\u00e1rozatait ny\u00edlt szavaz\u00e1ssal, egyszer\u0171 sz\u00f3t\u00f6bbs\u00e9ggel hozza meg. A hat\u00e1rozatot az \u00e9rintettel igazolhat\u00f3 m\u00f3don k\u00f6z\u00f6lni kell.<\/p>\n\n\n\n<p class=\"wp-block-paragraph\">Az \u00fcgyvezet\u0151 eln\u00f6ks\u00e9gi \u00fcl\u00e9st az Eln\u00f6k h\u00edvja \u00f6ssze valamennyi eln\u00f6ks\u00e9gi tag el\u0151zetes \u00edr\u00e1sbeli \u00e9rtes\u00edt\u00e9s\u00e9vel. A megh\u00edv\u00f3t az eln\u00f6ks\u00e9gi tagoknak a tervezett id\u0151pontot megel\u0151z\u0151en legal\u00e1bb 8 napt\u00e1ri nappal meg kell k\u00fcldeni, a napirendi pontok pontos megjel\u00f6l\u00e9s\u00e9vel. Az \u00dcgyvezet\u0151 Eln\u00f6ks\u00e9g \u00fcgyrendj\u00e9t egyebekben maga \u00e1llap\u00edtja meg.<\/p>\n\n\n\n<p class=\"wp-block-paragraph\">Az \u00dcgyvezet\u0151 Eln\u00f6ks\u00e9g hat\u00e1sk\u00f6r\u00e9be tartozik:<\/p>\n\n\n\n<p class=\"wp-block-paragraph\">a) a Sz\u00f6vets\u00e9g tagjaira k\u00f6telez\u0151 hat\u00e1rozatok meghozatala,<\/p>\n\n\n\n<p class=\"wp-block-paragraph\">b) az \u00fcgyrend elfogad\u00e1sa,<br>c) az etikai szab\u00e1lyok elfogad\u00e1sa,<br>d) tagfelv\u00e9tel j\u00f3v\u00e1hagy\u00e1sa,<br>e) az Eln\u00f6k utas\u00edt\u00e1sa a&nbsp;<em><strong>Taggy\u0171l\u00e9s&nbsp;<\/strong><\/em>\u00f6sszeh\u00edv\u00e1s\u00e1ra,<br>f) a k\u00f6zhaszn\u00fas\u00e1gi jelent\u00e9s tervezet\u00e9nek elk\u00e9sz\u00edt\u00e9se \u00e9s j\u00f3v\u00e1hagy\u00e1s c\u00e9lj\u00e1b\u00f3l a&nbsp;<em><strong>Taggy\u0171l\u00e9s<\/strong><\/em>&nbsp;el\u00e9 terjeszt\u00e9se,<\/p>\n\n\n\n<p class=\"wp-block-paragraph\">g) d\u00f6nt\u00e9s minden olyan egy\u00e9b k\u00e9rd\u00e9sben, amely nem tartozik a&nbsp;<em><strong>Taggy\u0171l\u00e9s<\/strong><\/em>&nbsp;vagy a V\u00e1lasztm\u00e1ny kiz\u00e1r\u00f3lagos hat\u00e1sk\u00f6r\u00e9be.<\/p>\n\n\n\n<p class=\"wp-block-paragraph\">A&nbsp;<em><strong>Taggy\u0171l\u00e9s<\/strong><\/em>&nbsp;\u00e1ltali visszah\u00edv\u00e1s eset\u00e9n t\u00fal megsz\u0171nik az \u00fcgyvezet\u0151 eln\u00f6ks\u00e9gi tags\u00e1g a tag hal\u00e1l\u00e1val \u00e9s lemond\u00e1s\u00e1val, ill. a megb\u00edzat\u00e1s id\u0151tartam\u00e1nak lej\u00e1rt\u00e1val, amely esetekben a&nbsp;<em><strong>Taggy\u0171l\u00e9s<\/strong><\/em>&nbsp;\u00e9s\/vagy a V\u00e1lasztm\u00e1ny \u00faj eln\u00f6ks\u00e9gi tagot v\u00e1laszt. Az id\u0151k\u00f6zben v\u00e1lasztott \u00faj eln\u00f6ks\u00e9gi tag megb\u00edzat\u00e1sa a m\u00e1r hivatalban l\u00e9v\u0151 eln\u00f6ks\u00e9gi tagok mand\u00e1tum\u00e1val egyez\u0151 id\u0151pontig sz\u00f3l.<\/p>\n\n\n\n<p class=\"wp-block-paragraph\">d) Eln\u00f6k, \u00dcgyvezet\u0151 Eln\u00f6k, Titk\u00e1r:<\/p>\n\n\n\n<p class=\"wp-block-paragraph\">A V\u00e1lasztm\u00e1ny \u00e1ltal meghat\u00e1rozott munkamegoszt\u00e1s szerinti k\u00e9pviseleti \u00e9s ir\u00e1ny\u00edt\u00e1si jogk\u00f6rrel rendelkeznek:<\/p>\n\n\n\n<ul class=\"wp-block-list\">\n<li>Ir\u00e1ny\u00edtj\u00e1k a Sz\u00f6vets\u00e9g tev\u00e9kenys\u00e9g\u00e9t.<\/li>\n\n\n\n<li>Jogosultak meg\u00e1llapod\u00e1sokat \u00e9s szerz\u0151d\u00e9seket k\u00f6tni a Sz\u00f6vets\u00e9gen k\u00edv\u00fcli szervekkel, jogi szem\u00e9lyekkel.<\/li>\n\n\n\n<li>K\u00e9pviselik a Sz\u00f6vets\u00e9get hazai \u00e9s k\u00fclf\u00f6ldi szervezetekben a mindenkori t\u00f6rv\u00e9nyes el\u0151\u00edr\u00e1sok figyelembev\u00e9tel\u00e9vel \u00e9s betart\u00e1s\u00e1val.&nbsp;<\/li>\n<\/ul>\n\n\n\n<p class=\"wp-block-paragraph\">Az Eln\u00f6k \u00e9s az \u00dcgyvezet\u0151 Eln\u00f6k a&nbsp;<em><strong>Taggy\u0171l\u00e9s<\/strong><\/em>, illetve a V\u00e1lasztm\u00e1ny \u00e1ltal egyszer\u0171 sz\u00f3t\u00f6bbs\u00e9ggel, 3 \u00e9v id\u0151tartamra v\u00e1lasztott vezet\u0151 tiszts\u00e9gvisel\u0151, aki a Sz\u00f6vets\u00e9g szervezet\u00e9nek k\u00e9pviselet\u00e9re \u00f6n\u00e1ll\u00f3an jogosult vezet\u0151. Feladatukat munkamegoszt\u00e1sban l\u00e1tj\u00e1k el.<\/p>\n\n\n\n<p class=\"wp-block-paragraph\">Az Eln\u00f6k \u00e9s az \u00dcgyvezet\u0151 Eln\u00f6k hat\u00e1sk\u00f6re \u00e9s feladatai:<\/p>\n\n\n\n<p class=\"wp-block-paragraph\">\u2013 a Sz\u00f6vets\u00e9g adminisztrat\u00edv szervezet\u00e9nek kialak\u00edt\u00e1sa \u00e9s vezet\u00e9se,<\/p>\n\n\n\n<p class=\"wp-block-paragraph\">\u2013 a munk\u00e1ltat\u00f3i jogok gyakorl\u00e1sa a Sz\u00f6vets\u00e9g munkav\u00e1llal\u00f3i felett,<\/p>\n\n\n\n<p class=\"wp-block-paragraph\">\u2013 a&nbsp;<em><strong>Taggy\u0171l\u00e9s<\/strong><\/em>&nbsp;\u00e9s az \u00dcgyvezet\u0151 Eln\u00f6ks\u00e9g hat\u00e1rozatainak v\u00e9grehajt\u00e1sa,<\/p>\n\n\n\n<p class=\"wp-block-paragraph\">\u2013 az \u00fcgyvezet\u0151 eln\u00f6ks\u00e9gi \u00fcl\u00e9sek el\u0151k\u00e9sz\u00edt\u00e9se (\u00f6sszeh\u00edv\u00e1sa) \u00e9s levezet\u00e9se,<\/p>\n\n\n\n<p class=\"wp-block-paragraph\">\u2013 a Sz\u00f6vets\u00e9g k\u00e9pviselete harmadik szem\u00e9llyel szemben \u00e9s hat\u00f3s\u00e1gok, illet\u0151leg b\u00edr\u00f3s\u00e1g el\u0151tt,<\/p>\n\n\n\n<p class=\"wp-block-paragraph\">\u2013 \u00e9ves besz\u00e1mol\u00f3 tervezet\u00e9nek k\u00e9sz\u00edt\u00e9se, \u00e9s j\u00f3v\u00e1hagy\u00e1s c\u00e9lj\u00e1b\u00f3l a&nbsp;<em><strong>Taggy\u0171l\u00e9s<\/strong><\/em>&nbsp;el\u00e9 terjeszt\u00e9se.<\/p>\n\n\n\n<p class=\"wp-block-paragraph\">A Titk\u00e1r hat\u00e1sk\u00f6re \u00e9s feladatai:&nbsp;<\/p>\n\n\n\n<p class=\"wp-block-paragraph\">&#8211; felel a p\u00e9nzt\u00e1r\u00e9rt, a k\u00f6nyvel\u00e9s\u00e9rt, a tagok \u00e9s a tagd\u00edjak nyilv\u00e1ntart\u00e1s\u00e1\u00e9rt,<\/p>\n\n\n\n<p class=\"wp-block-paragraph\">&#8211; a Sz\u00f6vets\u00e9g&nbsp;<em><strong>Taggy\u0171l\u00e9s\u00e9nek<\/strong><\/em>&nbsp;\u00e9s az \u00dcgyvezet\u0151 Eln\u00f6ks\u00e9g hat\u00e1rozatair\u00f3l olyan nyilv\u00e1ntart\u00e1s (Hat\u00e1rozatok K\u00f6nyve) vezet\u00e9se, amelyb\u0151l a vezet\u0151szerv d\u00f6nt\u00e9s\u00e9nek tartalma, id\u0151pontja \u00e9s hat\u00e1lya, illetve a d\u00f6nt\u00e9st t\u00e1mogat\u00f3k \u00e9s ellenz\u0151k sz\u00e1mar\u00e1nya \u00e9s szem\u00e9lye meg\u00e1llap\u00edthat\u00f3,<br>&#8211; a&nbsp;<em><strong>Taggy\u0171l\u00e9s<\/strong><\/em>&nbsp;\u00e9s az \u00dcgyvezet\u0151 Eln\u00f6ks\u00e9g hat\u00e1rozatainak az Alapszab\u00e1ly IV. 3.) a) pontj\u00e1ban megjel\u00f6lt m\u00f3don az \u00e9rintettekkel t\u00f6rt\u00e9n\u0151 k\u00f6zl\u00e9se,<\/p>\n\n\n\n<p class=\"wp-block-paragraph\">&#8211; a Sz\u00f6vets\u00e9g m\u0171k\u00f6d\u00e9s\u00e9vel kapcsolatban keletkezett iratokba, az \u00e9ves eln\u00f6ki besz\u00e1mol\u00f3kba, a k\u00f6zhaszn\u00fas\u00e1gi jelent\u00e9sekbe, valamint a kor\u00e1bbi k\u00f6zgy\u0171l\u00e9si hat\u00e1rozatokba val\u00f3 betekint\u00e9s biztos\u00edt\u00e1sa az \u00e9rdekl\u0151d\u0151k r\u00e9sz\u00e9re,<\/p>\n\n\n\n<p class=\"wp-block-paragraph\">&#8211; amennyiben ez m\u00e1sok vagy a Sz\u00f6vets\u00e9g jog\u00e1t vagy jogos \u00e9rdek\u00e9t nem s\u00e9rti vagy vesz\u00e9lyezteti, a&nbsp;<em><strong>Taggy\u0171l\u00e9s<\/strong><\/em>&nbsp;\u00e9s az \u00dcgyvezet\u0151 Eln\u00f6ks\u00e9g \u00e1ltal meghozott hat\u00e1rozatokat, valamint a Sz\u00f6vets\u00e9g besz\u00e1mol\u00f3it a saj\u00e1t internetes honlapj\u00e1n nyilv\u00e1noss\u00e1gra hozza.<\/p>\n\n\n\n<p class=\"wp-block-paragraph\">e) Fel\u00fcgyel\u0151 Bizotts\u00e1g<\/p>\n\n\n\n<p class=\"wp-block-paragraph\"><br>A Sz\u00f6vets\u00e9g \u00e9ves bev\u00e9tele az 5.000.000,- forintot meghaladja, ez\u00e9rt sz\u00fcks\u00e9ges a Fel\u00fcgyel\u0151 Bizotts\u00e1g m\u0171k\u00f6d\u00e9se. A Fel\u00fcgyel\u0151 Bizotts\u00e1g feladata a Sz\u00f6vets\u00e9g Alapszab\u00e1lyban r\u00f6gz\u00edtett tev\u00e9kenys\u00e9g\u00e9nek, gazd\u00e1lkod\u00e1s\u00e1nak folyamatos ellen\u0151rz\u00e9se \u00e9s a k\u00f6zhaszn\u00fa tev\u00e9kenys\u00e9g fel\u00fcgyelete. M\u0171k\u00f6d\u00e9s\u00e9\u00e9rt a&nbsp;<em><strong>Taggy\u0171l\u00e9snek<\/strong><\/em>&nbsp;felel.<\/p>\n\n\n\n<p class=\"wp-block-paragraph\">A Fel\u00fcgyel\u0151 Bizotts\u00e1g a tiszts\u00e9gvisel\u0151kt\u0151l jelent\u00e9st, a szervezet munkav\u00e1llal\u00f3it\u00f3l pedig t\u00e1j\u00e9koztat\u00e1st vagy felvil\u00e1gos\u00edt\u00e1st k\u00e9rhet, tov\u00e1bb\u00e1 a k\u00f6zhaszn\u00fa szervezet k\u00f6nyveibe \u00e9s irataiba betekinthet, azokat megvizsg\u00e1lhatja.<\/p>\n\n\n\n<p class=\"wp-block-paragraph\">A Fel\u00fcgyel\u0151 Bizotts\u00e1g 3 tagj\u00e1t a&nbsp;<em><strong>Taggy\u0171l\u00e9s<\/strong><\/em>&nbsp;v\u00e1lasztja meg.<\/p>\n\n\n\n<p class=\"wp-block-paragraph\">A Fel\u00fcgyel\u0151 Bizotts\u00e1g eln\u00f6k\u00e9t az Egyes\u00fclet v\u00e1lasztott test\u00fcleteinek \u00fcl\u00e9seire tan\u00e1cskoz\u00e1si joggal meg kell h\u00edvni.<\/p>\n\n\n\n<p class=\"wp-block-paragraph\">A Fel\u00fcgyel\u0151 Bizotts\u00e1g sz\u00fcks\u00e9g szerint, de \u00e9vente legal\u00e1bb egyszer \u00fcl\u00e9sezik, mely \u00fcl\u00e9st a Fel\u00fcgyel\u0151 Bizotts\u00e1g eln\u00f6ke a tervezett id\u0151pont el\u0151tt legal\u00e1bb 8 nappal \u00edr\u00e1sban h\u00edv \u00f6ssze a napirend egyidej\u0171 \u00edr\u00e1sbeli k\u00f6zl\u00e9s\u00e9vel.&nbsp;<\/p>\n\n\n\n<p class=\"wp-block-paragraph\">A bizotts\u00e1gi \u00fcl\u00e9sek nyilv\u00e1nosak, amennyiben ez a Sz\u00f6vets\u00e9g vagy m\u00e1sok jog\u00e1t, jogos \u00e9rdek\u00e9t nem vesz\u00e9lyezteti. Z\u00e1rt \u00fcl\u00e9s elrendel\u00e9s\u00e9r\u0151l ezen indokok alapj\u00e1n a Fel\u00fcgyel\u0151 Bizotts\u00e1g eln\u00f6ke jogosult d\u00f6nteni.<\/p>\n\n\n\n<p class=\"wp-block-paragraph\">A Fel\u00fcgyel\u0151 Bizotts\u00e1g hat\u00e1rozatait egyszer\u0171 sz\u00f3t\u00f6bbs\u00e9ggel hozza, szavazategyenl\u0151s\u00e9g eset\u00e9n a bizotts\u00e1g eln\u00f6k\u00e9nek szavazata d\u00f6nt. Munkarendj\u00e9t maga hat\u00e1rozza meg.<\/p>\n\n\n\n<p class=\"wp-block-paragraph\">A hat\u00e1rozatokat az \u00e9rintettekkel a Fel\u00fcgyel\u0151 Bizotts\u00e1g eln\u00f6ke k\u00f6zli \u00edr\u00e1sban.<\/p>\n\n\n\n<p class=\"wp-block-paragraph\">A hat\u00e1rozatokat a Sz\u00f6vets\u00e9g Titk\u00e1ra \u00e1ltal vezetett Hat\u00e1rozatok K\u00f6nyv\u00e9be kell behelyezni. A Hat\u00e1rozatok K\u00f6nyv\u00e9nek tartalm\u00e1ra az Alapszab\u00e1ly IV. 3.) d) pontj\u00e1ban foglalt rendelkez\u00e9sek az ir\u00e1nyad\u00f3k.<\/p>\n\n\n\n<p class=\"wp-block-paragraph\">A hat\u00e1rozatok nyilv\u00e1noss\u00e1gra hozatal\u00e1ra az Alapszab\u00e1ly IV. 3.) d) pontj\u00e1ban foglalt rendelkez\u00e9sek az ir\u00e1nyad\u00f3k.&nbsp;<\/p>\n\n\n\n<p class=\"wp-block-paragraph\">A Fel\u00fcgyel\u0151 Bizotts\u00e1g munk\u00e1j\u00e1r\u00f3l \u00e9s meg\u00e1llap\u00edt\u00e1sair\u00f3l \u00edr\u00e1sban tartozik a&nbsp;<em><strong>Taggy\u0171l\u00e9st<\/strong><\/em>&nbsp;t\u00e1j\u00e9koztatni.<\/p>\n\n\n\n<p class=\"wp-block-paragraph\">A Fel\u00fcgyel\u0151 Bizotts\u00e1g k\u00f6teles az int\u00e9zked\u00e9sre jogosult vezet\u0151szervet t\u00e1j\u00e9koztatni, \u00e9s annak \u00f6sszeh\u00edv\u00e1s\u00e1t kezdem\u00e9nyezni, ha arr\u00f3l szerez tudom\u00e1st, hogy:<\/p>\n\n\n\n<p class=\"wp-block-paragraph\">a) a szervezet m\u0171k\u00f6d\u00e9se sor\u00e1n olyan jogszab\u00e1lys\u00e9rt\u00e9s vagy a szervezet \u00e9rdekeit egy\u00e9bk\u00e9nt s\u00falyosan s\u00e9rt\u0151 esem\u00e9ny (mulaszt\u00e1s) t\u00f6rt\u00e9nt, amelynek megsz\u00fcntet\u00e9se vagy k\u00f6vetkezm\u00e9nyeinek elh\u00e1r\u00edt\u00e1sa, illetve enyh\u00edt\u00e9se az int\u00e9zked\u00e9sre jogosult vezet\u0151szerv d\u00f6nt\u00e9s\u00e9t teszi sz\u00fcks\u00e9gess\u00e9;<\/p>\n\n\n\n<p class=\"wp-block-paragraph\">b) a vezet\u0151 tiszts\u00e9gvisel\u0151k felel\u0151ss\u00e9g\u00e9t megalapoz\u00f3 t\u00e9ny mer\u00fclt fel.<\/p>\n\n\n\n<p class=\"wp-block-paragraph\">Az int\u00e9zked\u00e9sre jogosult vezet\u0151szervet a Fel\u00fcgyel\u0151 Bizotts\u00e1g ind\u00edtv\u00e1ny\u00e1ra &#8211; annak megt\u00e9tel\u00e9t\u0151l sz\u00e1m\u00edtott 30 napon bel\u00fcl &#8211; \u00f6ssze kell h\u00edvni. E hat\u00e1rid\u0151 eredm\u00e9nytelen eltelte eset\u00e9n a vezet\u0151szerv \u00f6sszeh\u00edv\u00e1s\u00e1ra a Fel\u00fcgyel\u0151 Bizotts\u00e1g is jogosult.<\/p>\n\n\n\n<p class=\"wp-block-paragraph\">Ha az arra jogosult szerv a t\u00f6rv\u00e9nyes m\u0171k\u00f6d\u00e9s helyre\u00e1ll\u00edt\u00e1sa \u00e9rdek\u00e9ben sz\u00fcks\u00e9ges int\u00e9zked\u00e9seket nem teszi meg, a Fel\u00fcgyel\u0151 Bizotts\u00e1g k\u00f6teles halad\u00e9ktalanul \u00e9rtes\u00edteni a t\u00f6rv\u00e9nyess\u00e9gi fel\u00fcgyeletet ell\u00e1t\u00f3 szervet.<\/p>\n\n\n\n<p class=\"wp-block-paragraph\">Nem lehet a Fel\u00fcgyel\u0151 Bizotts\u00e1g eln\u00f6ke vagy tagja, illetve k\u00f6nyvvizsg\u00e1l\u00f3ja az a szem\u00e9ly, aki:<\/p>\n\n\n\n<p class=\"wp-block-paragraph\">&#8211; a vezet\u0151szerv eln\u00f6ke vagy tagja,<\/p>\n\n\n\n<p class=\"wp-block-paragraph\">&#8211; a k\u00f6zhaszn\u00fa szervezettel a megb\u00edzat\u00e1s\u00e1n k\u00edv\u00fcli m\u00e1s tev\u00e9kenys\u00e9g kifejt\u00e9s\u00e9re ir\u00e1nyul\u00f3 munkaviszonyban vagy munkav\u00e9gz\u00e9sre ir\u00e1nyul\u00f3 egy\u00e9b jogviszonyban \u00e1ll, ha jogszab\u00e1ly m\u00e1sk\u00e9pp nem rendelkezik,<\/p>\n\n\n\n<p class=\"wp-block-paragraph\">&#8211; a k\u00f6zhaszn\u00fa szervezet c\u00e9l szerinti juttat\u00e1s\u00e1b\u00f3l r\u00e9szes\u00fcl &#8211; kiv\u00e9ve a b\u00e1rki \u00e1ltal megk\u00f6t\u00e9s n\u00e9lk\u00fcl ig\u00e9nybe vehet\u0151 nem p\u00e9nzbeli szolg\u00e1ltat\u00e1sokat, \u00e9s a t\u00e1rsadalmi szervezet \u00e1ltal tagj\u00e1nak a tags\u00e1gi jogviszony alapj\u00e1n ny\u00fajtott, l\u00e9tes\u00edt\u0151 okiratnak megfelel\u0151 c\u00e9l szerinti juttat\u00e1st &#8211; , illetve<br>&#8211; az el\u0151z\u0151 pontokban meghat\u00e1rozott szem\u00e9lyek hozz\u00e1tartoz\u00f3ja.<\/p>\n\n\n\n<h2 class=\"wp-block-heading\">V. A Sz\u00f6vets\u00e9g m\u0171k\u00f6d\u00e9se \u00e9s gazd\u00e1lkod\u00e1sa<\/h2>\n\n\n\n<p class=\"wp-block-paragraph\">1.) A Sz\u00f6vets\u00e9g m\u0171k\u00f6d\u00e9s\u00e9hez sz\u00fcks\u00e9ges anyagi forr\u00e1sok:<\/p>\n\n\n\n<ul class=\"wp-block-list\">\n<li>a tagok tagd\u00edja,<\/li>\n\n\n\n<li>az \u00e1llami \u00e9s egy\u00e9b szervek, v\u00e1llalatok vagy m\u00e1s mag\u00e1nszem\u00e9lyek t\u00e1mogat\u00e1sa,<\/li>\n\n\n\n<li>saj\u00e1t gazd\u00e1lkod\u00e1sb\u00f3l (k\u00f6lcs\u00f6n\u00f6z\u00e9si, haszn\u00e1lati d\u00edjak, kiadv\u00e1nyok, rekl\u00e1m, stb.), esetleges egy\u00e9b bev\u00e9telek.<\/li>\n<\/ul>\n\n\n\n<p class=\"wp-block-paragraph\">2.) A Sz\u00f6vets\u00e9g vagyon\u00e1t, bev\u00e9tel\u00e9t a mindenkori \u00e9rv\u00e9nyes gazd\u00e1lkod\u00e1si el\u0151\u00edr\u00e1sok szerint kell kezelni. A Sz\u00f6vets\u00e9g a bev\u00e9teleib\u0151l \u00e9ves k\u00f6lts\u00e9gvet\u00e9s alapj\u00e1n \u00f6n\u00e1ll\u00f3an gazd\u00e1lkodik, gazd\u00e1lkod\u00e1s\u00e1r\u00f3l \u00e9ves besz\u00e1mol\u00f3t k\u00e9sz\u00edt. A szab\u00e1lyszer\u0171 gazdas\u00e1gi \u00fcgyvitel\u00e9rt a Titk\u00e1r felel\u0151s.<\/p>\n\n\n\n<p class=\"wp-block-paragraph\">3.) A tagd\u00edj \u00f6sszeg\u00e9t, befizet\u00e9s\u00e9nek m\u00f3dj\u00e1t a V\u00e1lasztm\u00e1ny hat\u00e1rozza meg. A tagok tagd\u00edjbefizet\u00e9seir\u0151l a Titk\u00e1r a tagnyilv\u00e1ntart\u00e1shoz kapcsol\u00f3d\u00f3 nyilv\u00e1ntart\u00e1st vezet.<\/p>\n\n\n\n<p class=\"wp-block-paragraph\">4.) K\u00f6telezetts\u00e9gv\u00e1llal\u00e1si \u00e9s utalv\u00e1nyoz\u00e1si jog az Eln\u00f6k\u00f6t, az \u00dcgyvezet\u0151 Eln\u00f6k\u00f6t, valamint az \u00fcgyvezet\u0151 eln\u00f6k n\u00e9vre sz\u00f3l\u00f3 \u00edr\u00e1sbeli meghatalmaz\u00e1sa alapj\u00e1n helyettes\u00e9t, a Titk\u00e1rt illeti meg.<\/p>\n\n\n\n<p class=\"wp-block-paragraph\">5.) A Sz\u00f6vets\u00e9g tartoz\u00e1sai\u00e9rt vagyon\u00e1val felel, azonban tagjai a tagd\u00edj megfizet\u00e9s\u00e9n t\u00fal saj\u00e1t vagyonukkal nem felelnek.<\/p>\n\n\n\n<p class=\"wp-block-paragraph\">6.) A Sz\u00f6vets\u00e9g ir\u00e1ny\u00edt\u00e1s\u00e1t, a Sz\u00f6vets\u00e9gben v\u00e9gzett munk\u00e1t a v\u00e1lasztott tiszts\u00e9gvisel\u0151k, aktivist\u00e1k t\u00e1rsadalmi munk\u00e1ban v\u00e9gzik.<\/p>\n\n\n\n<p class=\"wp-block-paragraph\">Az Eln\u00f6k, az \u00dcgyvezet\u0151 Eln\u00f6k \u00e9s a Titk\u00e1r tiszteletd\u00edjban \u00e9s k\u00f6lts\u00e9gt\u00e9r\u00edt\u00e9sben r\u00e9szes\u00fclhet a V\u00e1lasztm\u00e1ny \u00e1ltal meghat\u00e1rozott \u00f6sszegben.<\/p>\n\n\n\n<p class=\"wp-block-paragraph\">7.) Egyes adminisztrat\u00edv feladatok ell\u00e1t\u00e1sra, ismeretterjeszt\u0151 el\u0151ad\u00e1sra, egy\u00e9b munkav\u00e9gz\u00e9sre a Sz\u00f6vets\u00e9g \u00dcgyvezet\u0151 Eln\u00f6ks\u00e9ge k\u00fcls\u0151 munkav\u00e1llal\u00f3kat, el\u0151ad\u00f3kat, szak\u00e9rt\u0151ket k\u00e9rhet fel. A felk\u00e9rt munkav\u00e1llal\u00f3k munk\u00e1juk\u00e9rt tiszteletd\u00edjban r\u00e9szes\u00fclhetnek.<\/p>\n\n\n\n<p class=\"wp-block-paragraph\">8.) A Sz\u00f6vets\u00e9g gazd\u00e1lkod\u00e1sa sor\u00e1n el\u00e9rt eredm\u00e9ny\u00e9t nem osztja fel, azt az Alapszab\u00e1lyban meghat\u00e1rozott tev\u00e9kenys\u00e9g\u00e9re ford\u00edtja<\/p>\n\n\n\n<p class=\"wp-block-paragraph\">9.) A Sz\u00f6vets\u00e9g befektet\u00e9si tev\u00e9kenys\u00e9get nem v\u00e9gez, \u00edgy befektet\u00e9si szab\u00e1lyzat-k\u00e9sz\u00edt\u00e9si k\u00f6telezetts\u00e9ge nincsen.&nbsp;<\/p>\n\n\n\n<p class=\"wp-block-paragraph\">10.) A Sz\u00f6vets\u00e9g az \u00e1llamh\u00e1ztart\u00e1s alrendszereit\u0151l &#8211; a normat\u00edv \u00e9s szelekt\u00edv t\u00e1mogat\u00e1s kiv\u00e9tel\u00e9vel &#8211; csak \u00edr\u00e1sbeli szerz\u0151d\u00e9s alapj\u00e1n r\u00e9szes\u00fclhet t\u00e1mogat\u00e1sban. A szerz\u0151d\u00e9sben meg kell hat\u00e1rozni a t\u00e1mogat\u00e1ssal val\u00f3 elsz\u00e1mol\u00e1s felt\u00e9teleit \u00e9s m\u00f3dj\u00e1t.<\/p>\n\n\n\n<p class=\"wp-block-paragraph\">11.) A Sz\u00f6vets\u00e9g a felel\u0151s szem\u00e9lyt, a t\u00e1mogat\u00f3t, valamint e szem\u00e9lyek hozz\u00e1tartoz\u00f3j\u00e1t &#8211; a b\u00e1rki \u00e1ltal megk\u00f6t\u00e9s n\u00e9lk\u00fcl ig\u00e9nybe vehet\u0151 szolg\u00e1ltat\u00e1sok, illetve a t\u00e1rsadalmi szervezet \u00e1ltal tagj\u00e1nak a tags\u00e1gi jogviszony alapj\u00e1n ny\u00fajtott, l\u00e9tes\u00edt\u0151 okiratnak megfelel\u0151 juttat\u00e1sok kiv\u00e9tel\u00e9vel &#8211; c\u00e9l szerinti juttat\u00e1sban nem r\u00e9szes\u00edtheti.<\/p>\n\n\n\n<p class=\"wp-block-paragraph\">12.) A Sz\u00f6vets\u00e9g v\u00e1lt\u00f3t, illetve m\u00e1s hitelviszonyt megtestes\u00edt\u0151 \u00e9rt\u00e9kpap\u00edrt nem bocs\u00e1that ki.<\/p>\n\n\n\n<p class=\"wp-block-paragraph\">13.) A Sz\u00f6vets\u00e9g v\u00e1llalkoz\u00e1s\u00e1nak fejleszt\u00e9s\u00e9hez k\u00f6zhaszn\u00fa tev\u00e9kenys\u00e9g\u00e9t vesz\u00e9lyeztet\u0151 m\u00e9rt\u00e9k\u0171 hitelt nem vehet fel; az \u00e1llamh\u00e1ztart\u00e1s alrendszereit\u0151l kapott t\u00e1mogat\u00e1st hitel fedezet\u00e9\u00fcl, illetve hitel t\u00f6rleszt\u00e9s\u00e9re nem haszn\u00e1lhatja fel.<\/p>\n\n\n\n<p class=\"wp-block-paragraph\">14.) A Sz\u00f6vets\u00e9gre vonatkoz\u00f3 besz\u00e1mol\u00e1si \u00e9s nyilv\u00e1ntart\u00e1si szab\u00e1lyokra az 1997. \u00e9vi CLVI. t\u00f6rv\u00e9ny 18-20. \u00a7-ai az ir\u00e1nyad\u00f3k. A Sz\u00f6vets\u00e9g k\u00f6teles k\u00f6zhaszn\u00fas\u00e1gi jelent\u00e9s\u00e9t a t\u00e1rgy\u00e9vet k\u00f6vet\u0151 \u00e9vben legk\u00e9s\u0151bb j\u00fanius 30. napj\u00e1ig saj\u00e1t honlapj\u00e1n, ennek hi\u00e1ny\u00e1ban egy\u00e9b, a nyilv\u00e1noss\u00e1gsz\u00e1m\u00e1ra el\u00e9rhet\u0151 m\u00f3don k\u00f6zz\u00e9tenni.<\/p>\n\n\n\n<p class=\"wp-block-paragraph\">15.) A Sz\u00f6vets\u00e9get a tagok els\u0151dlegesen nem gazdas\u00e1gi tev\u00e9kenys\u00e9g c\u00e9lj\u00e1ra alap\u00edtott\u00e1k, \u00e9s a Sz\u00f6vets\u00e9g gazdas\u00e1gi v\u00e1llalkoz\u00e1si tev\u00e9kenys\u00e9get kiz\u00e1r\u00f3lag m\u00e1sodlagos jelleggel, a c\u00e9ljainak el\u00e9r\u00e9s\u00e9t el\u0151seg\u00edtend\u0151 \u00e9s k\u00f6zhaszn\u00fa tev\u00e9kenys\u00e9g\u00e9t nem vesz\u00e9lyeztet\u0151 m\u00f3don folytathat.<\/p>\n\n\n\n<p class=\"wp-block-paragraph\">16.) A Sz\u00f6vets\u00e9g m\u0171k\u00f6d\u00e9se felett az \u00fcgy\u00e9szs\u00e9g gyakorol t\u00f6rv\u00e9nyess\u00e9gi fel\u00fcgyeletet.<\/p>\n\n\n\n<p class=\"wp-block-paragraph\">17.) A Sz\u00f6vets\u00e9g m\u0171k\u00f6d\u00e9se sor\u00e1n keletkezett iratokba a betekint\u00e9s lehet\u0151s\u00e9g\u00e9t a Sz\u00f6vets\u00e9g Titk\u00e1ra biztos\u00edtja az \u00e9rdekl\u0151d\u0151 r\u00e9sz\u00e9re munkanapokon el\u0151zetesen egyeztetett id\u0151pontban a Sz\u00f6vets\u00e9g sz\u00e9khely\u00e9n, fel\u00fcgyelet mellett. A Sz\u00f6vets\u00e9g k\u00f6zhaszn\u00fas\u00e1gi jelent\u00e9s\u00e9r\u0151l az \u00e9rdekl\u0151d\u0151 a k\u00f6lts\u00e9gek megt\u00e9r\u00edt\u00e9se mellett m\u00e1solatot k\u00e9rhet.<\/p>\n\n\n\n<p class=\"wp-block-paragraph\"><strong>VI.&nbsp;A Sz\u00f6vets\u00e9g k\u00e9pviselete<\/strong><\/p>\n\n\n\n<p class=\"wp-block-paragraph\"><br>1.) A Sz\u00f6vets\u00e9get az Eln\u00f6k \u00e9s az \u00dcgyvezet\u0151 Eln\u00f6k \u00f6n\u00e1ll\u00f3an k\u00e9pviseli, a 2.) pontban foglalt kiv\u00e9tellel.<br><br>2.) A Sz\u00f6vets\u00e9g banksz\u00e1ml\u00e1ja felett az Eln\u00f6k \u00e9s a Titk\u00e1r, ill. az \u00dcgyvezet\u0151 Eln\u00f6k \u00e9s a Titk\u00e1r egy\u00fcttesen jogosult rendelkezni.<\/p>\n\n\n\n<p class=\"wp-block-paragraph\"><strong>VII.&nbsp;A Sz\u00f6vets\u00e9g megsz\u0171n\u00e9se<\/strong><\/p>\n\n\n\n<p class=\"wp-block-paragraph\"><br>1.) A Sz\u00f6vets\u00e9g megsz\u0171nik, ha a&nbsp;<em><strong>Taggy\u0171l\u00e9s<\/strong><\/em>&nbsp;a feloszl\u00e1s\u00e1t vagy m\u00e1s t\u00e1rsadalmi szervvel val\u00f3 egyes\u00fcl\u00e9s\u00e9t kimondja. Amennyiben a Sz\u00f6vets\u00e9g feloszl\u00e1ssal sz\u0171nik meg, akkor az Eln\u00f6k felsz\u00e1mol\u00f3k\u00e9nt j\u00e1r el.<\/p>\n\n\n\n<p class=\"wp-block-paragraph\">2.) Megsz\u0171nik tov\u00e1bb\u00e1 a Sz\u00f6vets\u00e9g, amennyiben az arra jogosult szerv feloszlatja, illet\u0151leg megsz\u0171n\u00e9s\u00e9t meg\u00e1llap\u00edtja.<\/p>\n\n\n\n<p class=\"wp-block-paragraph\">3.) A Sz\u00f6vets\u00e9g megsz\u0171n\u00e9se eset\u00e9n vagyon\u00e1t els\u0151dlegesen a hitelez\u0151k kiel\u00e9g\u00edt\u00e9s\u00e9re kell ford\u00edtani. A hitelez\u0151k kiel\u00e9g\u00edt\u00e9se ut\u00e1ni vagyon felhaszn\u00e1l\u00e1s\u00e1nak m\u00f3dj\u00e1r\u00f3l a&nbsp;<em><strong>Taggy\u0171l\u00e9s<\/strong><\/em>&nbsp;d\u00f6nt.<br><br>4.) A k\u00f6zhaszn\u00fa szervezet a k\u00f6zhaszn\u00fa jog\u00e1ll\u00e1s\u00e1nak megsz\u0171n\u00e9sekor k\u00f6teles esed\u00e9kes k\u00f6ztartoz\u00e1sait rendezni, illet\u0151leg k\u00f6zszolg\u00e1ltat\u00e1s ell\u00e1t\u00e1s\u00e1ra ir\u00e1nyul\u00f3 szerz\u0151d\u00e9s\u00e9b\u0151l ered\u0151 k\u00f6telezetts\u00e9geit id\u0151ar\u00e1nyosan teljes\u00edteni.<\/p>\n\n\n\n<p class=\"wp-block-paragraph\"><strong>VIII.&nbsp;Z\u00e1r\u00f3 rendelkez\u00e9sek<\/strong><\/p>\n\n\n\n<p class=\"wp-block-paragraph\">1.) A jelen Alapszab\u00e1lyt a&nbsp;<em><strong>2013. m\u00e1rcius 19-i Taggy\u0171l\u00e9s<\/strong><\/em>m\u00f3dos\u00edtott tartalommal j\u00f3v\u00e1hagyta, valamint felhatalmazta \u00e9s k\u00f6telezte a Sz\u00f6vets\u00e9g Eln\u00f6k\u00e9t, hogy az Alapszab\u00e1lyt az illet\u00e9kes b\u00edr\u00f3s\u00e1ghoz beny\u00fajtsa.&nbsp;<\/p>\n\n\n\n<p class=\"wp-block-paragraph\">2.) Az itt nem szab\u00e1lyozott k\u00e9rd\u00e9sekben a Magyar K\u00f6zt\u00e1rsas\u00e1g Polg\u00e1ri T\u00f6rv\u00e9nyk\u00f6nyv\u00e9r\u0151l sz\u00f3l\u00f3 1959. \u00e9vi IV. t\u00f6rv\u00e9ny,&nbsp;<em><strong>egyes\u00fcl\u00e9si jogr\u00f3l, a k\u00f6zhaszn\u00fa jog\u00e1ll\u00e1sr\u00f3l, valamint a civil szervezetek m\u0171k\u00f6d\u00e9s\u00e9r\u0151l \u00e9s t\u00e1mogat\u00e1s\u00e1r\u00f3l sz\u00f3l\u00f3<\/strong><\/em><em><strong>&nbsp;2011. \u00e9vi CLXXV. t\u00f6rv\u00e9ny<\/strong><\/em>, valamint a k\u00f6zhaszn\u00fa szervezetekr\u0151l sz\u00f3l\u00f3 1997. \u00e9vi CLVI. t\u00f6rv\u00e9ny, illet\u0151leg a tov\u00e1bbi vonatkoz\u00f3 hat\u00e1lyos jogszab\u00e1lyok rendelkez\u00e9sei szerint kell elj\u00e1rni.<\/p>\n\n\n\n<p class=\"wp-block-paragraph\">Kecskem\u00e9t, 2013. m\u00e1rcius 19.<\/p>\n\n\n\n<p class=\"wp-block-paragraph\"><strong>Mogyor\u00f3s Zolt\u00e1n<\/strong>&nbsp;\/&nbsp;Eln\u00f6k<\/p>\n\n\n\n<p class=\"wp-block-paragraph\"><strong>Berkes Zolt\u00e1n<\/strong>&nbsp;\/&nbsp;\u00dcgyvezet\u0151 Eln\u00f6k&nbsp; &nbsp; &nbsp; &nbsp; &nbsp; &nbsp; &nbsp; &nbsp; &nbsp; &nbsp; &nbsp; &nbsp; &nbsp; &nbsp; &nbsp; &nbsp; &nbsp; &nbsp; &nbsp; &nbsp; &nbsp; &nbsp; &nbsp; &nbsp; &nbsp; &nbsp; &nbsp; &nbsp; &nbsp; &nbsp; &nbsp; &nbsp; &nbsp; &nbsp; &nbsp; &nbsp; &nbsp; &nbsp;<\/p>\n\n\n\n<p class=\"wp-block-paragraph\"><strong>Alul\u00edrott elj\u00e1r\u00e1sra meghatalmazott jogi k\u00e9pvisel\u0151, Dr. Fekete Csaba \u00fcgyv\u00e9d igazolom, \u201eellenjegyzem\u201d, hogy az alapszab\u00e1ly egys\u00e9ges szerkezetbe foglalt sz\u00f6vege megfelel az alapszab\u00e1ly-m\u00f3dos\u00edt\u00e1sok alapj\u00e1n hat\u00e1lyos tartalm\u00e1nak, illetve \u201eellenjegyzem\u201d, hogy jelen okirat mindenben megfelel a hat\u00e1lyos jogszab\u00e1lyi rendelkez\u00e9seknek, valamint nevezettek kinyilv\u00e1n\u00edtott akarat\u00e1t tartalmazza \u00e9s az al\u00e1\u00edr\u00e1sok val\u00f3dis\u00e1g\u00e1t is tan\u00fas\u00edtom.<\/strong><\/p>\n\n\n\n<p class=\"wp-block-paragraph\"><strong>Kecskem\u00e9t, 2013. m\u00e1rcius 19.<\/strong><\/p>\n\n\n\n<p class=\"wp-block-paragraph\"><strong>Dr. Fekete Csaba<\/strong><\/p>\n\n\n\n<p class=\"wp-block-paragraph\"><strong>\u00fcgyv\u00e9d<\/strong><\/p>\n","protected":false},"excerpt":{"rendered":"<p>m\u00f3dos\u00edt\u00e1sa A\u00a0Mozisok Orsz\u00e1gos Sz\u00f6vets\u00e9ge\u00a01992. j\u00fanius 2-\u00e1n alakult Budapesten, szolnoki sz\u00e9khellyel. A mozi\u00fczemeltet\u00e9s az \u00e1talakul\u00e1s id\u0151szak\u00e1ban m\u00e9lyponton volt. Felbomlott a mozikat \u00fczemeltet\u0151 v\u00e1llalati rendszer. T\u00f6megesen alakultak az orsz\u00e1gban a videot\u00e9k\u00e1k, vide\u00f3 kiad\u00f3k. Sz\u00e9les k\u00f6rben elterjedt a fekete vide\u00f3z\u00e1s. A vide\u00f3z\u00e1s \u00e9s a moziz\u00e1s egy szervezetbe val\u00f3 t\u00f6m\u00f6r\u00edt\u00e9se nem v\u00e1ltotta be a hozz\u00e1f\u0171z\u00f6tt rem\u00e9nyeket. Mindezek alapj\u00e1n sz\u00fcks\u00e9gess\u00e9 [&hellip;]<\/p>\n","protected":false},"author":1,"featured_media":0,"parent":0,"menu_order":0,"comment_status":"closed","ping_status":"closed","template":"","meta":{"footnotes":""},"class_list":["post-33","page","type-page","status-publish","hentry"],"_links":{"self":[{"href":"https:\/\/cms.moziszovetseg.hu\/index.php?rest_route=\/wp\/v2\/pages\/33","targetHints":{"allow":["GET"]}}],"collection":[{"href":"https:\/\/cms.moziszovetseg.hu\/index.php?rest_route=\/wp\/v2\/pages"}],"about":[{"href":"https:\/\/cms.moziszovetseg.hu\/index.php?rest_route=\/wp\/v2\/types\/page"}],"author":[{"embeddable":true,"href":"https:\/\/cms.moziszovetseg.hu\/index.php?rest_route=\/wp\/v2\/users\/1"}],"replies":[{"embeddable":true,"href":"https:\/\/cms.moziszovetseg.hu\/index.php?rest_route=%2Fwp%2Fv2%2Fcomments&post=33"}],"version-history":[{"count":3,"href":"https:\/\/cms.moziszovetseg.hu\/index.php?rest_route=\/wp\/v2\/pages\/33\/revisions"}],"predecessor-version":[{"id":104,"href":"https:\/\/cms.moziszovetseg.hu\/index.php?rest_route=\/wp\/v2\/pages\/33\/revisions\/104"}],"wp:attachment":[{"href":"https:\/\/cms.moziszovetseg.hu\/index.php?rest_route=%2Fwp%2Fv2%2Fmedia&parent=33"}],"curies":[{"name":"wp","href":"https:\/\/api.w.org\/{rel}","templated":true}]}}