{"id":7,"date":"2023-04-26T19:37:00","date_gmt":"2023-04-26T17:37:00","guid":{"rendered":"http:\/\/localhost:8000\/?page_id=7"},"modified":"2023-05-09T23:26:13","modified_gmt":"2023-05-09T21:26:13","slug":"bemutatkozas","status":"publish","type":"page","link":"https:\/\/cms.moziszovetseg.hu\/?page_id=7","title":{"rendered":"Bemutatkoz\u00e1s"},"content":{"rendered":"\n<div class=\"wp-block-group has-global-padding is-layout-constrained wp-block-group-is-layout-constrained\">\n<h1 class=\"wp-block-heading\">Kik vagyunk, mik vagyunk, mi\u00e9rt vagyunk?<\/h1>\n\n\n\n<p class=\"wp-block-paragraph\">A Mozisok Orsz\u00e1gos Sz\u00f6vets\u00e9g\u00e9nek neve bizony\u00e1ra nem ismeretlen \u00d6n el\u0151tt sem, de m\u00faltunkr\u00f3l, jelen\u00fcnkr\u0151l \u00e9s &nbsp;j\u00f6v\u0151nkr\u0151l, tev\u00e9kenys\u00e9g\u00fcnkr\u0151l b\u0151vebb t\u00e1j\u00e9koztat\u00e1st ig\u00e9nyel.<\/p>\n<\/div>\n\n\n\n<p class=\"wp-block-paragraph\">Az 1980-as \u00e9vek v\u00e9g\u00e9n m\u00e1r l\u00e1that\u00f3 volt, hogy a mozis szakm\u00e1t ir\u00e1ny\u00edt\u00f3 f\u0151hat\u00f3s\u00e1g \/M\u0171vel\u0151d\u00e9si Miniszt\u00e9rium Filmigazgat\u00f3s\u00e1ga\/ \u00e9s a mozikat m\u0171k\u00f6dtet\u0151 \/megyei tan\u00e1csok, megyei mozi \u00fczemi v\u00e1llalatok\/ szervezetek, \u00e9s az eg\u00e9sz mozis szakma gy\u00f6keres v\u00e1ltoz\u00e1sok el\u0151tt \u00e1ll. A Filmigazgat\u00f3s\u00e1g mind kev\u00e9sb\u00e9 t\u00f6lt\u00f6tte be szakmai ir\u00e1ny\u00edt\u00f3 szerep\u00e9t. A megyei mozi \u00fczemi v\u00e1llalatok \u00e9s a mozik mind szakmai, mind \u00e9rdekv\u00e9delmi szempontb\u00f3l kezdtek magukra maradtak. L\u00e1tva ezt a helyzetet, 1990-ben Ny\u00edregyh\u00e1z\u00e1n, megalakult a Magyar Mozisok Sz\u00f6vets\u00e9ge, amely akkor m\u00e9g hathat\u00f3s eredm\u00e9nyeket nem tudott el\u00e9rni. Majd 1992-t\u0151l a mozisokat \u00e9s vide\u00f3sokat t\u00f6m\u00f6r\u00edt\u0151 Filmterjeszt\u0151k Orsz\u00e1gos Szervezete k\u00e9pviselte a szakm\u00e1t.<\/p>\n\n\n\n<p class=\"wp-block-paragraph\">A filmterjeszt\u00e9s \u2013 a filmforgalmaz\u00e1s, a mozi \u00fczemeltet\u00e9s \u2013 gy\u00f6keres v\u00e1ltoz\u00e1sokat \u00e9lt \u00e1t. A MOK\u00c9P mellett sorra alakultak az \u00faj filmforgalmaz\u00f3k: Duna Film, InterCom, Budapest Film stb. A megyei mozi \u00fczemi v\u00e1llalatok 1993-ban megsz\u0171ntek. Az megy\u00e9ben m\u0171k\u00f6d\u0151 mozikat, a berendez\u00e9seket a telep\u00fcl\u00e9si \u00f6nkorm\u00e1nyzatok kapt\u00e1k meg. El\u00e9g nagy k\u00e1osz alakult ki. A telep\u00fcl\u00e9sek \u00f6nkorm\u00e1nyzataira b\u00edzt\u00e1k a mozik j\u00f6v\u0151j\u00e9t. T\u00f6bb helyen tov\u00e1bb m\u0171k\u00f6dtett\u00e9k, vagy b\u00e9rbe adt\u00e1k \u2013 mert azt hitt\u00e9k, hogy ebb\u0151l meg lehet gazdagodni -, de nem \u00edgy t\u00f6rt\u00e9nt. Sok telep\u00fcl\u00e9sen megsz\u0171nt a mozi. A vet\u00edt\u0151helyek sok esetben szolg\u00e1ltat\u00f3 n\u00e9lk\u00fcl maradtak. A forgalmaz\u00f3k \u2013 szolg\u00e1ltat\u00f3k \u2013 mozi \u00fczemeltet\u0151k k\u00f6z\u00f6tti munk\u00e1t \u00f6ssze kellett hangolni, meg kellett hat\u00e1rozni a szakmai norm\u00e1kat, ki kellett dolgozni a szerz\u0151d\u00e9si felt\u00e9teleket a piac r\u00e9sztvev\u0151i sz\u00e1m\u00e1ra. Ez\u00e9rt sz\u00fcks\u00e9gess\u00e9 v\u00e1lt a Filmterjeszt\u0151k Orsz\u00e1gos Szervezet\u00e9nek \u00e1talak\u00edt\u00e1sa, tiszta profil\u00fa mozis k\u00e9pviselet l\u00e9trehoz\u00e1sa \u00e9s meger\u0151s\u00edt\u00e9se.<\/p>\n\n\n\n<figure class=\"wp-block-image size-large\"><img loading=\"lazy\" decoding=\"async\" width=\"1024\" height=\"683\" src=\"https:\/\/cms.moziszovetseg.hu\/wp-content\/uploads\/2023\/05\/krists-luhaers-AtPWnYNDJnM-unsplash-1024x683.jpg\" alt=\"\" class=\"wp-image-110\" srcset=\"https:\/\/cms.moziszovetseg.hu\/wp-content\/uploads\/2023\/05\/krists-luhaers-AtPWnYNDJnM-unsplash-1024x683.jpg 1024w, https:\/\/cms.moziszovetseg.hu\/wp-content\/uploads\/2023\/05\/krists-luhaers-AtPWnYNDJnM-unsplash-300x200.jpg 300w, https:\/\/cms.moziszovetseg.hu\/wp-content\/uploads\/2023\/05\/krists-luhaers-AtPWnYNDJnM-unsplash-768x512.jpg 768w, https:\/\/cms.moziszovetseg.hu\/wp-content\/uploads\/2023\/05\/krists-luhaers-AtPWnYNDJnM-unsplash.jpg 1200w\" sizes=\"auto, (max-width: 1024px) 100vw, 1024px\" \/><\/figure>\n\n\n\n<p class=\"wp-block-paragraph\">1994. okt\u00f3ber 27-\u00e9n megalakult a Mozisok Orsz\u00e1gos Sz\u00f6vets\u00e9ge \/MOSZ\/, amely akkor is \u00e9s az \u00f3ta is minden mozi \u00fczemeltet\u0151 szakmai \u00e9s \u00e9rdekv\u00e9delmi szervezete.<\/p>\n\n\n\n<p class=\"wp-block-paragraph\">A Sz\u00f6vets\u00e9g c\u00e9lja \u00e9s feladata: a mozi \u00fczemeltet\u0151k \u00e9rdekk\u00e9pviselete, szakmai munk\u00e1j\u00e1nak&nbsp;fejleszt\u00e9se, konferenci\u00e1k, tov\u00e1bbk\u00e9pz\u00e9sek szervez\u00e9se, inform\u00e1ci\u00f3-\u00e1raml\u00e1s biztos\u00edt\u00e1sa. R\u00e9szt vesz a Nemzeti Kultur\u00e1lis Alapprogram \u00e9s a Magyar Mozg\u00f3k\u00e9p K\u00f6zalap\u00edtv\u00e1ny munk\u00e1j\u00e1ban, tev\u00e9kenyen seg\u00edti a filmterjeszt\u00e9st \u00e9s mozi \u00fczemeltet\u00e9st \u00e9rint\u0151 rendeletek, t\u00f6rv\u00e9nyek el\u0151k\u00e9sz\u00edt\u00e9s\u00e9t, ki\u00e9p\u00edti \u00e9s \u00e1polja a kapcsolatokat a hazai \u00e9s k\u00fclf\u00f6ldi szakmai szervezetekkel, int\u00e9zm\u00e9nyekkel.<\/p>\n\n\n\n<p class=\"wp-block-paragraph\">A v\u00e1lasztm\u00e1nynak, az eln\u00f6ks\u00e9gnek, a tagozatok vezet\u0151inek nagyon sok munk\u00e1t kellett elv\u00e9gezni ahhoz, hogy mind a szakmai t\u00e1rsakkal, mind a korm\u00e1nyzati, \u00f6nkorm\u00e1nyzati szervekkel, a filmes szakm\u00e1val kapcsolatban \u00e1ll\u00f3 int\u00e9zm\u00e9nyekkel, c\u00e9gekkel elfogadtassuk magunkat.<\/p>\n\n\n\n<p class=\"wp-block-paragraph\">Az elm\u00falt \u00e9vekben sz\u00e1mtalan szakmai program, rendezv\u00e9ny kezdem\u00e9nyez\u0151i \u00e9s szervez\u0151i voltunk, ter\u00fcleti \u00e9rtekezleteink, m\u0171szaki konferenci\u00e1ink nagy seg\u00edts\u00e9get adnak a mozik szakmai ismereteinek b\u0151v\u00edt\u00e9s\u00e9hez, p\u00e1ly\u00e1zati lehet\u0151s\u00e9geihez, m\u0171szaki fejleszt\u00e9s\u00e9hez. Munk\u00e1nkat a szakminiszt\u00e9riumok, a mozg\u00f3k\u00e9pszakma szervezetei, a p\u00e1ly\u00e1zatokat ki\u00edr\u00f3 alap\u00edtv\u00e1nyok ig\u00e9nylik \u00e9s elismerik. Sz\u00f6vets\u00e9g\u00fcnk alap\u00edt\u00f3 tagja a Magyar Mozg\u00f3k\u00e9p K\u00f6zalap\u00edtv\u00e1nynak, a Filmes Kerekasztalnak, amely a mozg\u00f3k\u00e9p t\u00f6rv\u00e9ny, valamint az art mozik m\u0171szaki fejleszt\u00e9s\u00e9re ki\u00edrt p\u00e1ly\u00e1zat el\u0151k\u00e9sz\u00edt\u00e9s\u00e9ben v\u00e1llalt szerepet.<\/p>\n\n\n\n<p class=\"wp-block-paragraph\">Sz\u00f6vets\u00e9g\u00fcnk t\u00f6bb mint egy \u00e9vtizedes munk\u00e1ja sor\u00e1n a mozg\u00f3k\u00e9pkult\u00fara t\u00e1rsadalm\u00e1ban elismert civilszervezett\u00e9 v\u00e1lt. K\u00e9pvisel\u0151ink ott vannak a filmszakmai szervezetek d\u00f6nt\u00e9shoz\u00f3 szakkurat\u00f3riumaiban, a p\u00e1ly\u00e1zati ki\u00edr\u00e1sok el\u0151k\u00e9sz\u00edt\u00e9s\u00e9n\u00e9l \u00e9s elb\u00edr\u00e1l\u00e1s\u00e1n\u00e1l.<\/p>\n\n\n\n<p class=\"wp-block-paragraph\">1999 \u00f3ta tagjai vagyunk a Mozi Tulajdonosok Nemzetk\u00f6zi Sz\u00f6vets\u00e9g\u00e9nek \/UNIC\/, valamint az Eur\u00f3pai Uni\u00f3 \u00e9s az olasz korm\u00e1ny t\u00e1mogat\u00e1s\u00e1val m\u0171k\u00f6d\u0151 Media Sales-nek, \u00edgy be tudunk kapcsol\u00f3dni nem csak az eur\u00f3pai, de a vil\u00e1g mozisainak rendszer\u00e9be is. Seg\u00edts\u00e9g\u00fckkel meg tudjuk ismerni a filmszakma leg\u00fajabb v\u00edvm\u00e1nyait. Szervezet\u00fcnknek tagja szinte valamennyi jelent\u0151s hagyom\u00e1nyos mozi mellett \u2013a&nbsp;&nbsp;Cinema City kiv\u00e9tel\u00e9vel \u2013 az \u00f6sszes multiplex mozi is.<\/p>\n\n\n\n<p class=\"wp-block-paragraph\">Tov\u00e1bbi eredm\u00e9nyeket, el\u00e9rni hazai \u00e9s nemzetk\u00f6zi szinten is, csak \u00f6sszefog\u00e1ssal lehet. Tev\u00e9kenys\u00e9g\u00fcnket a j\u00f6v\u0151ben is csak a tags\u00e1g sz\u00e9les b\u00e1zis\u00e1ra \u00e9p\u00edtve tudjuk v\u00e9gezni, de ehhez az kell, hogy valamennyi mozi csatlakozzon sz\u00f6vets\u00e9g\u00fcnkh\u00f6z, bel\u00e9p\u00e9s\u00e9vel er\u0151s\u00edtse meg c\u00e9ljainkkal, a programunkkal val\u00f3 azonosul\u00e1st, \u00e9s akt\u00edvan vegyen r\u00e9szt munk\u00e1nkban.<\/p>\n\n\n\n<p class=\"wp-block-paragraph\">Sz\u00f6vets\u00e9g\u00fcnk befoly\u00e1s\u00e1t csak akkor van es\u00e9ly\u00fcnk n\u00f6velni \u00e9s \u00e9rv\u00e9nyes\u00edteni, ha ismerj\u00fck a mozisok gondjait, probl\u00e9m\u00e1it, ha a mozi \u00fczemeltet\u0151k sz\u00e9lesebb k\u00f6r t\u00e1mogat benn\u00fcnket.<\/p>\n\n\n\n<p class=\"wp-block-paragraph\">B\u00edzunk abban, hogy honlapunk seg\u00edt a kapcsolattart\u00e1sban \u00e9s az inform\u00e1ci\u00f3k gyors \u00e1raml\u00e1s\u00e1ban. Ebben sz\u00e1m\u00edtunk az \u00d6n seg\u00edts\u00e9g\u00e9re \u00e9s t\u00e1mogat\u00e1s\u00e1ra is.<\/p>\n","protected":false},"excerpt":{"rendered":"<p>Kik vagyunk, mik vagyunk, mi\u00e9rt vagyunk? A Mozisok Orsz\u00e1gos Sz\u00f6vets\u00e9g\u00e9nek neve bizony\u00e1ra nem ismeretlen \u00d6n el\u0151tt sem, de m\u00faltunkr\u00f3l, jelen\u00fcnkr\u0151l \u00e9s &nbsp;j\u00f6v\u0151nkr\u0151l, tev\u00e9kenys\u00e9g\u00fcnkr\u0151l b\u0151vebb t\u00e1j\u00e9koztat\u00e1st ig\u00e9nyel. Az 1980-as \u00e9vek v\u00e9g\u00e9n m\u00e1r l\u00e1that\u00f3 volt, hogy a mozis szakm\u00e1t ir\u00e1ny\u00edt\u00f3 f\u0151hat\u00f3s\u00e1g \/M\u0171vel\u0151d\u00e9si Miniszt\u00e9rium Filmigazgat\u00f3s\u00e1ga\/ \u00e9s a mozikat m\u0171k\u00f6dtet\u0151 \/megyei tan\u00e1csok, megyei mozi \u00fczemi v\u00e1llalatok\/ szervezetek, \u00e9s az [&hellip;]<\/p>\n","protected":false},"author":1,"featured_media":11,"parent":0,"menu_order":0,"comment_status":"closed","ping_status":"closed","template":"","meta":{"footnotes":""},"class_list":["post-7","page","type-page","status-publish","has-post-thumbnail","hentry"],"_links":{"self":[{"href":"https:\/\/cms.moziszovetseg.hu\/index.php?rest_route=\/wp\/v2\/pages\/7","targetHints":{"allow":["GET"]}}],"collection":[{"href":"https:\/\/cms.moziszovetseg.hu\/index.php?rest_route=\/wp\/v2\/pages"}],"about":[{"href":"https:\/\/cms.moziszovetseg.hu\/index.php?rest_route=\/wp\/v2\/types\/page"}],"author":[{"embeddable":true,"href":"https:\/\/cms.moziszovetseg.hu\/index.php?rest_route=\/wp\/v2\/users\/1"}],"replies":[{"embeddable":true,"href":"https:\/\/cms.moziszovetseg.hu\/index.php?rest_route=%2Fwp%2Fv2%2Fcomments&post=7"}],"version-history":[{"count":13,"href":"https:\/\/cms.moziszovetseg.hu\/index.php?rest_route=\/wp\/v2\/pages\/7\/revisions"}],"predecessor-version":[{"id":112,"href":"https:\/\/cms.moziszovetseg.hu\/index.php?rest_route=\/wp\/v2\/pages\/7\/revisions\/112"}],"wp:featuredmedia":[{"embeddable":true,"href":"https:\/\/cms.moziszovetseg.hu\/index.php?rest_route=\/wp\/v2\/media\/11"}],"wp:attachment":[{"href":"https:\/\/cms.moziszovetseg.hu\/index.php?rest_route=%2Fwp%2Fv2%2Fmedia&parent=7"}],"curies":[{"name":"wp","href":"https:\/\/api.w.org\/{rel}","templated":true}]}}